{"id":3157,"date":"2017-03-28T14:35:54","date_gmt":"2017-03-28T12:35:54","guid":{"rendered":"https:\/\/www.humantrip.fr\/?post_type=temoignage&#038;p=3157"},"modified":"2020-09-01T17:08:17","modified_gmt":"2020-09-01T15:08:17","slug":"erfahrungsbericht-von-louise-am-28-03-2017-in-frankreich","status":"publish","type":"temoignage","link":"https:\/\/www.humantrip.fr\/de\/erfahrungsbericht\/erfahrungsbericht-von-louise-am-28-03-2017-in-frankreich\/","title":{"rendered":"Erfahrungsbericht von Louise am 28.03.2017 in Frankreich"},"content":{"rendered":"<div class=\"views-field views-field-field-texte-du-temoignage\">\n<div class=\"field-content\">\n<p class=\"rtejustify\">Ich bin begeistert von dieser Fastenwoche, die von Graziella begleitet wurde. F\u00fcr mich war es das erste Mal. Am Ende des Fastens f\u00fchle ich mich wie neugeboren. Ich war \u00fcberrascht, dass mein K\u00f6rper sich ziemlich gut daran gew\u00f6hnt hat, nichts zu essen. Graziellas wohlwollende Begleitung erm\u00f6glicht es mir, in mich selbst hineinzuh\u00f6ren, mit viel Liebe, und das ist toll! Ich war sehr gl\u00fccklich, meinem K\u00f6rper diese Ruhepause zu g\u00f6nnen und diese Verlangsamung des Rhythmus zu erleben, die sich mit dem Fasten einstellt, ich f\u00fchlte mich wirklich n\u00e4her bei mir selbst. Und was ich auch bemerkte, war, dass ich entscheiden konnte, was gut f\u00fcr meinen K\u00f6rper war, ohne von den \u00dcberzeugungen, die ich \u00fcber das Essen hatte, gefangen zu sein. Nichts geht \u00fcber Erfahrung, um zu lernen! Nach der R\u00fcckkehr vom Fasten hatte ich das Bed\u00fcrfnis, auch materiell zu entlasten, ich habe meine Schr\u00e4nke und Schubladen aussortiert... Was f\u00fcr eine Freude, meine Umgebung zu entr\u00fcmpeln. Tats\u00e4chlich hat sich das, was ich f\u00fcr mein Inneres getan habe, ganz nat\u00fcrlich auch in meinem \u00c4u\u00dferen ausgewirkt. Ein sch\u00f6nes Geschenk, diese Woche voller Erfahrungen, in der ich mich selbst mit mehr Zuh\u00f6ren und Selbstachtung sehe. Vielen Dank, Graziella, f\u00fcr diese sch\u00f6ne Woche und die Aktivit\u00e4ten, die du uns vorgeschlagen hast. Und: Bis bald zum n\u00e4chsten Fasten!<\/p>\n<\/div>\n<\/div>","protected":false},"template":"","class_list":["post-3157","temoignage","type-temoignage","status-publish","hentry"],"acf":[],"_links":{"self":[{"href":"https:\/\/www.humantrip.fr\/de\/wp-json\/wp\/v2\/temoignage\/3157","targetHints":{"allow":["GET"]}}],"collection":[{"href":"https:\/\/www.humantrip.fr\/de\/wp-json\/wp\/v2\/temoignage"}],"about":[{"href":"https:\/\/www.humantrip.fr\/de\/wp-json\/wp\/v2\/types\/temoignage"}],"wp:attachment":[{"href":"https:\/\/www.humantrip.fr\/de\/wp-json\/wp\/v2\/media?parent=3157"}],"curies":[{"name":"wp","href":"https:\/\/api.w.org\/{rel}","templated":true}]}}