{"id":3530,"date":"2020-09-01T16:49:35","date_gmt":"2020-09-01T14:49:35","guid":{"rendered":"https:\/\/www.humantrip.fr\/sejour\/au-coeur-de-la-colombie-la-terre-colombienne\/"},"modified":"2021-01-08T10:33:52","modified_gmt":"2021-01-08T09:33:52","slug":"en-el-corazon-de-colombia-la-tierra-colombiana","status":"publish","type":"sejour","link":"https:\/\/www.humantrip.fr\/es\/permanezca-en\/en-el-corazon-de-colombia-la-tierra-colombiana\/","title":{"rendered":"En el coraz\u00f3n de Colombia: suelo colombiano"},"content":{"rendered":"<p>Participe en la vida local, \u00a1como los aut\u00e9nticos colombianos!  D\u00e9jese guiar por sus anfitriones, que estar\u00e1n encantados de mostrarle sus pueblos, su artesan\u00eda y su forma de vida. Venga a descubrir y apreciar la amabilidad de los colombianos.<\/p>","protected":false},"template":"","theme":[13,11,12],"pays":[15],"class_list":["post-3530","sejour","type-sejour","status-publish","hentry","theme-voyage-aventure","theme-voyage-nature","theme-voyage-sur-mesure","pays-colombie"],"acf":{"photo_gallery":{"destination_gallerie_photos":[[{"id":5836,"title":"3530 - Au c\u0153ur de la Colombie : La terre colombienne - 1","caption":"Image Upload\u00e9e automatiquement N\u00b0-1 du s\u00e9jour d'id N\u00b0-3530(nomm\u00e9 Au c\u0153ur de la Colombie : La terre colombienne)","full_image_url":"https:\/\/www.humantrip.fr\/wp-content\/uploads\/2020\/09\/img_5123-rotated.jpg","thumbnail_image_url":"https:\/\/www.humantrip.fr\/wp-content\/uploads\/2020\/09\/img_5123-150x150.jpg","large_srcset":"https:\/\/www.humantrip.fr\/wp-content\/uploads\/2020\/09\/img_5123-1024x1024.jpg 1024w, https:\/\/www.humantrip.fr\/wp-content\/uploads\/2020\/09\/img_5123-300x300.jpg 300w, https:\/\/www.humantrip.fr\/wp-content\/uploads\/2020\/09\/img_5123-150x150.jpg 150w, https:\/\/www.humantrip.fr\/wp-content\/uploads\/2020\/09\/img_5123-768x768.jpg 768w, https:\/\/www.humantrip.fr\/wp-content\/uploads\/2020\/09\/img_5123-1536x1536.jpg 1536w, https:\/\/www.humantrip.fr\/wp-content\/uploads\/2020\/09\/img_5123-rotated.jpg 2048w, https:\/\/www.humantrip.fr\/wp-content\/uploads\/2020\/09\/img_5123-200x200.jpg 200w, https:\/\/www.humantrip.fr\/wp-content\/uploads\/2020\/09\/img_5123-500x500.jpg 500w","medium_srcset":"https:\/\/www.humantrip.fr\/wp-content\/uploads\/2020\/09\/img_5123-300x300.jpg 300w, https:\/\/www.humantrip.fr\/wp-content\/uploads\/2020\/09\/img_5123-1024x1024.jpg 1024w, https:\/\/www.humantrip.fr\/wp-content\/uploads\/2020\/09\/img_5123-150x150.jpg 150w, https:\/\/www.humantrip.fr\/wp-content\/uploads\/2020\/09\/img_5123-768x768.jpg 768w, https:\/\/www.humantrip.fr\/wp-content\/uploads\/2020\/09\/img_5123-1536x1536.jpg 1536w, https:\/\/www.humantrip.fr\/wp-content\/uploads\/2020\/09\/img_5123-rotated.jpg 2048w, https:\/\/www.humantrip.fr\/wp-content\/uploads\/2020\/09\/img_5123-200x200.jpg 200w, https:\/\/www.humantrip.fr\/wp-content\/uploads\/2020\/09\/img_5123-500x500.jpg 500w","media_details":{"width":2048,"height":2048,"sizes":{"medium":{"file":"img_5123-300x300.jpg","width":300,"height":300,"mime-type":"image\/jpeg","source_url":"https:\/\/www.humantrip.fr\/wp-content\/uploads\/2020\/09\/img_5123-300x300.jpg"},"large":{"file":"img_5123-1024x1024.jpg","width":1024,"height":1024,"mime-type":"image\/jpeg","source_url":"https:\/\/www.humantrip.fr\/wp-content\/uploads\/2020\/09\/img_5123-1024x1024.jpg"},"thumbnail":{"file":"img_5123-150x150.jpg","width":150,"height":150,"mime-type":"image\/jpeg","source_url":"https:\/\/www.humantrip.fr\/wp-content\/uploads\/2020\/09\/img_5123-150x150.jpg"},"medium_large":{"file":"img_5123-768x768.jpg","width":768,"height":768,"mime-type":"image\/jpeg","source_url":"https:\/\/www.humantrip.fr\/wp-content\/uploads\/2020\/09\/img_5123-768x768.jpg"},"1536x1536":{"file":"img_5123-1536x1536.jpg","width":1536,"height":1536,"mime-type":"image\/jpeg","source_url":"https:\/\/www.humantrip.fr\/wp-content\/uploads\/2020\/09\/img_5123-1536x1536.jpg"},"2048x2048":{"file":"img_5123-2048x2048.jpg","width":2048,"height":2048,"mime-type":"image\/jpeg","source_url":"https:\/\/www.humantrip.fr\/wp-content\/uploads\/2020\/09\/img_5123-2048x2048.jpg"},"gallery-home":{"file":"img_5123-200x200.jpg","width":200,"height":200,"mime-type":"image\/jpeg","source_url":"https:\/\/www.humantrip.fr\/wp-content\/uploads\/2020\/09\/img_5123-200x200.jpg"},"vignette-thumb":{"file":"img_5123-300x300.jpg","width":300,"height":300,"mime-type":"image\/jpeg","source_url":"https:\/\/www.humantrip.fr\/wp-content\/uploads\/2020\/09\/img_5123-300x300.jpg"},"homepage-thumb":{"file":"img_5123-500x500.jpg","width":500,"height":500,"mime-type":"image\/jpeg","source_url":"https:\/\/www.humantrip.fr\/wp-content\/uploads\/2020\/09\/img_5123-500x500.jpg"}}},"alt_text":"","url":"","target":""},{"id":5837,"title":"3530 - Au c\u0153ur de la Colombie : La terre colombienne - 1","caption":"Image Upload\u00e9e automatiquement N\u00b0-1 du s\u00e9jour d'id N\u00b0-3530(nomm\u00e9 Au c\u0153ur de la Colombie : La terre colombienne)","full_image_url":"https:\/\/www.humantrip.fr\/wp-content\/uploads\/2020\/09\/img_5172-scaled.jpg","thumbnail_image_url":"https:\/\/www.humantrip.fr\/wp-content\/uploads\/2020\/09\/img_5172-150x150.jpg","large_srcset":"https:\/\/www.humantrip.fr\/wp-content\/uploads\/2020\/09\/img_5172-768x1024.jpg 768w, https:\/\/www.humantrip.fr\/wp-content\/uploads\/2020\/09\/img_5172-225x300.jpg 225w, https:\/\/www.humantrip.fr\/wp-content\/uploads\/2020\/09\/img_5172-1152x1536.jpg 1152w, https:\/\/www.humantrip.fr\/wp-content\/uploads\/2020\/09\/img_5172-1536x2048.jpg 1536w, https:\/\/www.humantrip.fr\/wp-content\/uploads\/2020\/09\/img_5172-375x500.jpg 375w, https:\/\/www.humantrip.fr\/wp-content\/uploads\/2020\/09\/img_5172-scaled.jpg 1920w","medium_srcset":"https:\/\/www.humantrip.fr\/wp-content\/uploads\/2020\/09\/img_5172-225x300.jpg 225w, https:\/\/www.humantrip.fr\/wp-content\/uploads\/2020\/09\/img_5172-768x1024.jpg 768w, https:\/\/www.humantrip.fr\/wp-content\/uploads\/2020\/09\/img_5172-1152x1536.jpg 1152w, https:\/\/www.humantrip.fr\/wp-content\/uploads\/2020\/09\/img_5172-1536x2048.jpg 1536w, https:\/\/www.humantrip.fr\/wp-content\/uploads\/2020\/09\/img_5172-375x500.jpg 375w, https:\/\/www.humantrip.fr\/wp-content\/uploads\/2020\/09\/img_5172-scaled.jpg 1920w","media_details":{"width":1920,"height":2560,"sizes":{"medium":{"file":"img_5172-225x300.jpg","width":225,"height":300,"mime-type":"image\/jpeg","source_url":"https:\/\/www.humantrip.fr\/wp-content\/uploads\/2020\/09\/img_5172-225x300.jpg"},"large":{"file":"img_5172-768x1024.jpg","width":768,"height":1024,"mime-type":"image\/jpeg","source_url":"https:\/\/www.humantrip.fr\/wp-content\/uploads\/2020\/09\/img_5172-768x1024.jpg"},"thumbnail":{"file":"img_5172-150x150.jpg","width":150,"height":150,"mime-type":"image\/jpeg","source_url":"https:\/\/www.humantrip.fr\/wp-content\/uploads\/2020\/09\/img_5172-150x150.jpg"},"medium_large":{"file":"img_5172-768x1024.jpg","width":768,"height":1024,"mime-type":"image\/jpeg","source_url":"https:\/\/www.humantrip.fr\/wp-content\/uploads\/2020\/09\/img_5172-768x1024.jpg"},"1536x1536":{"file":"img_5172-1152x1536.jpg","width":1152,"height":1536,"mime-type":"image\/jpeg","source_url":"https:\/\/www.humantrip.fr\/wp-content\/uploads\/2020\/09\/img_5172-1152x1536.jpg"},"2048x2048":{"file":"img_5172-1536x2048.jpg","width":1536,"height":2048,"mime-type":"image\/jpeg","source_url":"https:\/\/www.humantrip.fr\/wp-content\/uploads\/2020\/09\/img_5172-1536x2048.jpg"},"gallery-home":{"file":"img_5172-200x200.jpg","width":200,"height":200,"mime-type":"image\/jpeg","source_url":"https:\/\/www.humantrip.fr\/wp-content\/uploads\/2020\/09\/img_5172-200x200.jpg"},"vignette-thumb":{"file":"img_5172-225x300.jpg","width":225,"height":300,"mime-type":"image\/jpeg","source_url":"https:\/\/www.humantrip.fr\/wp-content\/uploads\/2020\/09\/img_5172-225x300.jpg"},"homepage-thumb":{"file":"img_5172-375x500.jpg","width":375,"height":500,"mime-type":"image\/jpeg","source_url":"https:\/\/www.humantrip.fr\/wp-content\/uploads\/2020\/09\/img_5172-375x500.jpg"}}},"alt_text":"","url":"","target":""},{"id":5838,"title":"3530 - Au c\u0153ur de la Colombie : La terre colombienne - 1","caption":"Image Upload\u00e9e automatiquement N\u00b0-1 du s\u00e9jour d'id N\u00b0-3530(nomm\u00e9 Au c\u0153ur de la Colombie : La terre colombienne)","full_image_url":"https:\/\/www.humantrip.fr\/wp-content\/uploads\/2020\/09\/img_5456-scaled.jpg","thumbnail_image_url":"https:\/\/www.humantrip.fr\/wp-content\/uploads\/2020\/09\/img_5456-150x150.jpg","large_srcset":"https:\/\/www.humantrip.fr\/wp-content\/uploads\/2020\/09\/img_5456-768x1024.jpg 768w, https:\/\/www.humantrip.fr\/wp-content\/uploads\/2020\/09\/img_5456-225x300.jpg 225w, https:\/\/www.humantrip.fr\/wp-content\/uploads\/2020\/09\/img_5456-1152x1536.jpg 1152w, https:\/\/www.humantrip.fr\/wp-content\/uploads\/2020\/09\/img_5456-1536x2048.jpg 1536w, https:\/\/www.humantrip.fr\/wp-content\/uploads\/2020\/09\/img_5456-375x500.jpg 375w, https:\/\/www.humantrip.fr\/wp-content\/uploads\/2020\/09\/img_5456-scaled.jpg 1920w","medium_srcset":"https:\/\/www.humantrip.fr\/wp-content\/uploads\/2020\/09\/img_5456-225x300.jpg 225w, https:\/\/www.humantrip.fr\/wp-content\/uploads\/2020\/09\/img_5456-768x1024.jpg 768w, https:\/\/www.humantrip.fr\/wp-content\/uploads\/2020\/09\/img_5456-1152x1536.jpg 1152w, https:\/\/www.humantrip.fr\/wp-content\/uploads\/2020\/09\/img_5456-1536x2048.jpg 1536w, https:\/\/www.humantrip.fr\/wp-content\/uploads\/2020\/09\/img_5456-375x500.jpg 375w, https:\/\/www.humantrip.fr\/wp-content\/uploads\/2020\/09\/img_5456-scaled.jpg 1920w","media_details":{"width":1920,"height":2560,"sizes":{"medium":{"file":"img_5456-225x300.jpg","width":225,"height":300,"mime-type":"image\/jpeg","source_url":"https:\/\/www.humantrip.fr\/wp-content\/uploads\/2020\/09\/img_5456-225x300.jpg"},"large":{"file":"img_5456-768x1024.jpg","width":768,"height":1024,"mime-type":"image\/jpeg","source_url":"https:\/\/www.humantrip.fr\/wp-content\/uploads\/2020\/09\/img_5456-768x1024.jpg"},"thumbnail":{"file":"img_5456-150x150.jpg","width":150,"height":150,"mime-type":"image\/jpeg","source_url":"https:\/\/www.humantrip.fr\/wp-content\/uploads\/2020\/09\/img_5456-150x150.jpg"},"medium_large":{"file":"img_5456-768x1024.jpg","width":768,"height":1024,"mime-type":"image\/jpeg","source_url":"https:\/\/www.humantrip.fr\/wp-content\/uploads\/2020\/09\/img_5456-768x1024.jpg"},"1536x1536":{"file":"img_5456-1152x1536.jpg","width":1152,"height":1536,"mime-type":"image\/jpeg","source_url":"https:\/\/www.humantrip.fr\/wp-content\/uploads\/2020\/09\/img_5456-1152x1536.jpg"},"2048x2048":{"file":"img_5456-1536x2048.jpg","width":1536,"height":2048,"mime-type":"image\/jpeg","source_url":"https:\/\/www.humantrip.fr\/wp-content\/uploads\/2020\/09\/img_5456-1536x2048.jpg"},"gallery-home":{"file":"img_5456-200x200.jpg","width":200,"height":200,"mime-type":"image\/jpeg","source_url":"https:\/\/www.humantrip.fr\/wp-content\/uploads\/2020\/09\/img_5456-200x200.jpg"},"vignette-thumb":{"file":"img_5456-225x300.jpg","width":225,"height":300,"mime-type":"image\/jpeg","source_url":"https:\/\/www.humantrip.fr\/wp-content\/uploads\/2020\/09\/img_5456-225x300.jpg"},"homepage-thumb":{"file":"img_5456-375x500.jpg","width":375,"height":500,"mime-type":"image\/jpeg","source_url":"https:\/\/www.humantrip.fr\/wp-content\/uploads\/2020\/09\/img_5456-375x500.jpg"}}},"alt_text":"","url":"","target":""},{"id":5839,"title":"3530 - Au c\u0153ur de la Colombie : La terre colombienne - 1","caption":"Image Upload\u00e9e automatiquement N\u00b0-1 du s\u00e9jour d'id N\u00b0-3530(nomm\u00e9 Au c\u0153ur de la Colombie : La terre colombienne)","full_image_url":"https:\/\/www.humantrip.fr\/wp-content\/uploads\/2020\/09\/popayan-1-1.jpg","thumbnail_image_url":"https:\/\/www.humantrip.fr\/wp-content\/uploads\/2020\/09\/popayan-1-1-150x150.jpg","large_srcset":"https:\/\/www.humantrip.fr\/wp-content\/uploads\/2020\/09\/popayan-1-1.jpg 800w, https:\/\/www.humantrip.fr\/wp-content\/uploads\/2020\/09\/popayan-1-1-300x200.jpg 300w, https:\/\/www.humantrip.fr\/wp-content\/uploads\/2020\/09\/popayan-1-1-768x512.jpg 768w, https:\/\/www.humantrip.fr\/wp-content\/uploads\/2020\/09\/popayan-1-1-450x300.jpg 450w, https:\/\/www.humantrip.fr\/wp-content\/uploads\/2020\/09\/popayan-1-1-750x500.jpg 750w","medium_srcset":"https:\/\/www.humantrip.fr\/wp-content\/uploads\/2020\/09\/popayan-1-1-300x200.jpg 300w, https:\/\/www.humantrip.fr\/wp-content\/uploads\/2020\/09\/popayan-1-1-768x512.jpg 768w, https:\/\/www.humantrip.fr\/wp-content\/uploads\/2020\/09\/popayan-1-1-450x300.jpg 450w, https:\/\/www.humantrip.fr\/wp-content\/uploads\/2020\/09\/popayan-1-1-750x500.jpg 750w, https:\/\/www.humantrip.fr\/wp-content\/uploads\/2020\/09\/popayan-1-1.jpg 800w","media_details":{"width":800,"height":533,"sizes":{"medium":{"file":"popayan-1-1-300x200.jpg","width":300,"height":200,"mime-type":"image\/jpeg","source_url":"https:\/\/www.humantrip.fr\/wp-content\/uploads\/2020\/09\/popayan-1-1-300x200.jpg"},"thumbnail":{"file":"popayan-1-1-150x150.jpg","width":150,"height":150,"mime-type":"image\/jpeg","source_url":"https:\/\/www.humantrip.fr\/wp-content\/uploads\/2020\/09\/popayan-1-1-150x150.jpg"},"medium_large":{"file":"popayan-1-1-768x512.jpg","width":768,"height":512,"mime-type":"image\/jpeg","source_url":"https:\/\/www.humantrip.fr\/wp-content\/uploads\/2020\/09\/popayan-1-1-768x512.jpg"},"gallery-home":{"file":"popayan-1-1-200x200.jpg","width":200,"height":200,"mime-type":"image\/jpeg","source_url":"https:\/\/www.humantrip.fr\/wp-content\/uploads\/2020\/09\/popayan-1-1-200x200.jpg"},"vignette-thumb":{"file":"popayan-1-1-450x300.jpg","width":450,"height":300,"mime-type":"image\/jpeg","source_url":"https:\/\/www.humantrip.fr\/wp-content\/uploads\/2020\/09\/popayan-1-1-450x300.jpg"},"homepage-thumb":{"file":"popayan-1-1-750x500.jpg","width":750,"height":500,"mime-type":"image\/jpeg","source_url":"https:\/\/www.humantrip.fr\/wp-content\/uploads\/2020\/09\/popayan-1-1-750x500.jpg"}}},"alt_text":"","url":"","target":""},{"id":5840,"title":"3530 - Au c\u0153ur de la Colombie : La terre colombienne - 1","caption":"Image Upload\u00e9e automatiquement N\u00b0-1 du s\u00e9jour d'id N\u00b0-3530(nomm\u00e9 Au c\u0153ur de la Colombie : La terre colombienne)","full_image_url":"https:\/\/www.humantrip.fr\/wp-content\/uploads\/2020\/09\/artisanat-en-filandia-1.jpg","thumbnail_image_url":"https:\/\/www.humantrip.fr\/wp-content\/uploads\/2020\/09\/artisanat-en-filandia-1-150x150.jpg","large_srcset":"https:\/\/www.humantrip.fr\/wp-content\/uploads\/2020\/09\/artisanat-en-filandia-1.jpg 735w, https:\/\/www.humantrip.fr\/wp-content\/uploads\/2020\/09\/artisanat-en-filandia-1-300x226.jpg 300w, https:\/\/www.humantrip.fr\/wp-content\/uploads\/2020\/09\/artisanat-en-filandia-1-398x300.jpg 398w, https:\/\/www.humantrip.fr\/wp-content\/uploads\/2020\/09\/artisanat-en-filandia-1-663x500.jpg 663w","medium_srcset":"https:\/\/www.humantrip.fr\/wp-content\/uploads\/2020\/09\/artisanat-en-filandia-1-300x226.jpg 300w, https:\/\/www.humantrip.fr\/wp-content\/uploads\/2020\/09\/artisanat-en-filandia-1-398x300.jpg 398w, https:\/\/www.humantrip.fr\/wp-content\/uploads\/2020\/09\/artisanat-en-filandia-1-663x500.jpg 663w, https:\/\/www.humantrip.fr\/wp-content\/uploads\/2020\/09\/artisanat-en-filandia-1.jpg 735w","media_details":{"width":735,"height":554,"sizes":{"medium":{"file":"artisanat-en-filandia-1-300x226.jpg","width":300,"height":226,"mime-type":"image\/jpeg","source_url":"https:\/\/www.humantrip.fr\/wp-content\/uploads\/2020\/09\/artisanat-en-filandia-1-300x226.jpg"},"thumbnail":{"file":"artisanat-en-filandia-1-150x150.jpg","width":150,"height":150,"mime-type":"image\/jpeg","source_url":"https:\/\/www.humantrip.fr\/wp-content\/uploads\/2020\/09\/artisanat-en-filandia-1-150x150.jpg"},"gallery-home":{"file":"artisanat-en-filandia-1-200x200.jpg","width":200,"height":200,"mime-type":"image\/jpeg","source_url":"https:\/\/www.humantrip.fr\/wp-content\/uploads\/2020\/09\/artisanat-en-filandia-1-200x200.jpg"},"vignette-thumb":{"file":"artisanat-en-filandia-1-398x300.jpg","width":398,"height":300,"mime-type":"image\/jpeg","source_url":"https:\/\/www.humantrip.fr\/wp-content\/uploads\/2020\/09\/artisanat-en-filandia-1-398x300.jpg"},"homepage-thumb":{"file":"artisanat-en-filandia-1-663x500.jpg","width":663,"height":500,"mime-type":"image\/jpeg","source_url":"https:\/\/www.humantrip.fr\/wp-content\/uploads\/2020\/09\/artisanat-en-filandia-1-663x500.jpg"}}},"alt_text":"","url":"","target":""},{"id":5842,"title":"3530 - Au c\u0153ur de la Colombie : La terre colombienne - 1","caption":"Image Upload\u00e9e automatiquement N\u00b0-1 du s\u00e9jour d'id N\u00b0-3530(nomm\u00e9 Au c\u0153ur de la Colombie : La terre colombienne)","full_image_url":"https:\/\/www.humantrip.fr\/wp-content\/uploads\/2020\/09\/musee-botero3-bogota-colombie-decouverte.jpg","thumbnail_image_url":"https:\/\/www.humantrip.fr\/wp-content\/uploads\/2020\/09\/musee-botero3-bogota-colombie-decouverte-150x150.jpg","large_srcset":"https:\/\/www.humantrip.fr\/wp-content\/uploads\/2020\/09\/musee-botero3-bogota-colombie-decouverte.jpg 550w, https:\/\/www.humantrip.fr\/wp-content\/uploads\/2020\/09\/musee-botero3-bogota-colombie-decouverte-300x169.jpg 300w, https:\/\/www.humantrip.fr\/wp-content\/uploads\/2020\/09\/musee-botero3-bogota-colombie-decouverte-450x253.jpg 450w","medium_srcset":"https:\/\/www.humantrip.fr\/wp-content\/uploads\/2020\/09\/musee-botero3-bogota-colombie-decouverte-300x169.jpg 300w, https:\/\/www.humantrip.fr\/wp-content\/uploads\/2020\/09\/musee-botero3-bogota-colombie-decouverte-450x253.jpg 450w, https:\/\/www.humantrip.fr\/wp-content\/uploads\/2020\/09\/musee-botero3-bogota-colombie-decouverte.jpg 550w","media_details":{"width":550,"height":309,"sizes":{"medium":{"file":"musee-botero3-bogota-colombie-decouverte-300x169.jpg","width":300,"height":169,"mime-type":"image\/jpeg","source_url":"https:\/\/www.humantrip.fr\/wp-content\/uploads\/2020\/09\/musee-botero3-bogota-colombie-decouverte-300x169.jpg"},"thumbnail":{"file":"musee-botero3-bogota-colombie-decouverte-150x150.jpg","width":150,"height":150,"mime-type":"image\/jpeg","source_url":"https:\/\/www.humantrip.fr\/wp-content\/uploads\/2020\/09\/musee-botero3-bogota-colombie-decouverte-150x150.jpg"},"gallery-home":{"file":"musee-botero3-bogota-colombie-decouverte-200x200.jpg","width":200,"height":200,"mime-type":"image\/jpeg","source_url":"https:\/\/www.humantrip.fr\/wp-content\/uploads\/2020\/09\/musee-botero3-bogota-colombie-decouverte-200x200.jpg"},"vignette-thumb":{"file":"musee-botero3-bogota-colombie-decouverte-450x253.jpg","width":450,"height":253,"mime-type":"image\/jpeg","source_url":"https:\/\/www.humantrip.fr\/wp-content\/uploads\/2020\/09\/musee-botero3-bogota-colombie-decouverte-450x253.jpg"}}},"alt_text":"","url":"","target":""},{"id":5843,"title":"3530 - Au c\u0153ur de la Colombie : La terre colombienne - 1","caption":"Image Upload\u00e9e automatiquement N\u00b0-1 du s\u00e9jour d'id N\u00b0-3530(nomm\u00e9 Au c\u0153ur de la Colombie : La terre colombienne)","full_image_url":"https:\/\/www.humantrip.fr\/wp-content\/uploads\/2020\/09\/sites-archeologiques-de-la-chaquira-et-el-tablon-et-cerro-de-la-pelota-a-cheval_1_croped.jpg","thumbnail_image_url":"https:\/\/www.humantrip.fr\/wp-content\/uploads\/2020\/09\/sites-archeologiques-de-la-chaquira-et-el-tablon-et-cerro-de-la-pelota-a-cheval_1_croped-150x150.jpg","large_srcset":"https:\/\/www.humantrip.fr\/wp-content\/uploads\/2020\/09\/sites-archeologiques-de-la-chaquira-et-el-tablon-et-cerro-de-la-pelota-a-cheval_1_croped.jpg 456w, https:\/\/www.humantrip.fr\/wp-content\/uploads\/2020\/09\/sites-archeologiques-de-la-chaquira-et-el-tablon-et-cerro-de-la-pelota-a-cheval_1_croped-300x162.jpg 300w, https:\/\/www.humantrip.fr\/wp-content\/uploads\/2020\/09\/sites-archeologiques-de-la-chaquira-et-el-tablon-et-cerro-de-la-pelota-a-cheval_1_croped-450x243.jpg 450w","medium_srcset":"https:\/\/www.humantrip.fr\/wp-content\/uploads\/2020\/09\/sites-archeologiques-de-la-chaquira-et-el-tablon-et-cerro-de-la-pelota-a-cheval_1_croped-300x162.jpg 300w, https:\/\/www.humantrip.fr\/wp-content\/uploads\/2020\/09\/sites-archeologiques-de-la-chaquira-et-el-tablon-et-cerro-de-la-pelota-a-cheval_1_croped-450x243.jpg 450w, https:\/\/www.humantrip.fr\/wp-content\/uploads\/2020\/09\/sites-archeologiques-de-la-chaquira-et-el-tablon-et-cerro-de-la-pelota-a-cheval_1_croped.jpg 456w","media_details":{"width":456,"height":246,"sizes":{"medium":{"file":"sites-archeologiques-de-la-chaquira-et-el-tablon-et-cerro-de-la-pelota-a-cheval_1_croped-300x162.jpg","width":300,"height":162,"mime-type":"image\/jpeg","source_url":"https:\/\/www.humantrip.fr\/wp-content\/uploads\/2020\/09\/sites-archeologiques-de-la-chaquira-et-el-tablon-et-cerro-de-la-pelota-a-cheval_1_croped-300x162.jpg"},"thumbnail":{"file":"sites-archeologiques-de-la-chaquira-et-el-tablon-et-cerro-de-la-pelota-a-cheval_1_croped-150x150.jpg","width":150,"height":150,"mime-type":"image\/jpeg","source_url":"https:\/\/www.humantrip.fr\/wp-content\/uploads\/2020\/09\/sites-archeologiques-de-la-chaquira-et-el-tablon-et-cerro-de-la-pelota-a-cheval_1_croped-150x150.jpg"},"gallery-home":{"file":"sites-archeologiques-de-la-chaquira-et-el-tablon-et-cerro-de-la-pelota-a-cheval_1_croped-200x200.jpg","width":200,"height":200,"mime-type":"image\/jpeg","source_url":"https:\/\/www.humantrip.fr\/wp-content\/uploads\/2020\/09\/sites-archeologiques-de-la-chaquira-et-el-tablon-et-cerro-de-la-pelota-a-cheval_1_croped-200x200.jpg"},"vignette-thumb":{"file":"sites-archeologiques-de-la-chaquira-et-el-tablon-et-cerro-de-la-pelota-a-cheval_1_croped-450x243.jpg","width":450,"height":243,"mime-type":"image\/jpeg","source_url":"https:\/\/www.humantrip.fr\/wp-content\/uploads\/2020\/09\/sites-archeologiques-de-la-chaquira-et-el-tablon-et-cerro-de-la-pelota-a-cheval_1_croped-450x243.jpg"}}},"alt_text":"","url":"","target":""},{"id":5844,"title":"3530 - Au c\u0153ur de la Colombie : La terre colombienne - 1","caption":"Image Upload\u00e9e automatiquement N\u00b0-1 du s\u00e9jour d'id N\u00b0-3530(nomm\u00e9 Au c\u0153ur de la Colombie : La terre colombienne)","full_image_url":"https:\/\/www.humantrip.fr\/wp-content\/uploads\/2020\/09\/usiacuri-artisanat-icara-colombie-decouverte.jpg","thumbnail_image_url":"https:\/\/www.humantrip.fr\/wp-content\/uploads\/2020\/09\/usiacuri-artisanat-icara-colombie-decouverte-150x150.jpg","large_srcset":"https:\/\/www.humantrip.fr\/wp-content\/uploads\/2020\/09\/usiacuri-artisanat-icara-colombie-decouverte-1024x570.jpg 1024w, https:\/\/www.humantrip.fr\/wp-content\/uploads\/2020\/09\/usiacuri-artisanat-icara-colombie-decouverte-300x167.jpg 300w, https:\/\/www.humantrip.fr\/wp-content\/uploads\/2020\/09\/usiacuri-artisanat-icara-colombie-decouverte-768x428.jpg 768w, https:\/\/www.humantrip.fr\/wp-content\/uploads\/2020\/09\/usiacuri-artisanat-icara-colombie-decouverte-450x251.jpg 450w, https:\/\/www.humantrip.fr\/wp-content\/uploads\/2020\/09\/usiacuri-artisanat-icara-colombie-decouverte-898x500.jpg 898w, https:\/\/www.humantrip.fr\/wp-content\/uploads\/2020\/09\/usiacuri-artisanat-icara-colombie-decouverte.jpg 1200w","medium_srcset":"https:\/\/www.humantrip.fr\/wp-content\/uploads\/2020\/09\/usiacuri-artisanat-icara-colombie-decouverte-300x167.jpg 300w, https:\/\/www.humantrip.fr\/wp-content\/uploads\/2020\/09\/usiacuri-artisanat-icara-colombie-decouverte-1024x570.jpg 1024w, https:\/\/www.humantrip.fr\/wp-content\/uploads\/2020\/09\/usiacuri-artisanat-icara-colombie-decouverte-768x428.jpg 768w, https:\/\/www.humantrip.fr\/wp-content\/uploads\/2020\/09\/usiacuri-artisanat-icara-colombie-decouverte-450x251.jpg 450w, https:\/\/www.humantrip.fr\/wp-content\/uploads\/2020\/09\/usiacuri-artisanat-icara-colombie-decouverte-898x500.jpg 898w, https:\/\/www.humantrip.fr\/wp-content\/uploads\/2020\/09\/usiacuri-artisanat-icara-colombie-decouverte.jpg 1200w","media_details":{"width":1200,"height":668,"sizes":{"medium":{"file":"usiacuri-artisanat-icara-colombie-decouverte-300x167.jpg","width":300,"height":167,"mime-type":"image\/jpeg","source_url":"https:\/\/www.humantrip.fr\/wp-content\/uploads\/2020\/09\/usiacuri-artisanat-icara-colombie-decouverte-300x167.jpg"},"large":{"file":"usiacuri-artisanat-icara-colombie-decouverte-1024x570.jpg","width":1024,"height":570,"mime-type":"image\/jpeg","source_url":"https:\/\/www.humantrip.fr\/wp-content\/uploads\/2020\/09\/usiacuri-artisanat-icara-colombie-decouverte-1024x570.jpg"},"thumbnail":{"file":"usiacuri-artisanat-icara-colombie-decouverte-150x150.jpg","width":150,"height":150,"mime-type":"image\/jpeg","source_url":"https:\/\/www.humantrip.fr\/wp-content\/uploads\/2020\/09\/usiacuri-artisanat-icara-colombie-decouverte-150x150.jpg"},"medium_large":{"file":"usiacuri-artisanat-icara-colombie-decouverte-768x428.jpg","width":768,"height":428,"mime-type":"image\/jpeg","source_url":"https:\/\/www.humantrip.fr\/wp-content\/uploads\/2020\/09\/usiacuri-artisanat-icara-colombie-decouverte-768x428.jpg"},"gallery-home":{"file":"usiacuri-artisanat-icara-colombie-decouverte-200x200.jpg","width":200,"height":200,"mime-type":"image\/jpeg","source_url":"https:\/\/www.humantrip.fr\/wp-content\/uploads\/2020\/09\/usiacuri-artisanat-icara-colombie-decouverte-200x200.jpg"},"vignette-thumb":{"file":"usiacuri-artisanat-icara-colombie-decouverte-450x251.jpg","width":450,"height":251,"mime-type":"image\/jpeg","source_url":"https:\/\/www.humantrip.fr\/wp-content\/uploads\/2020\/09\/usiacuri-artisanat-icara-colombie-decouverte-450x251.jpg"},"homepage-thumb":{"file":"usiacuri-artisanat-icara-colombie-decouverte-898x500.jpg","width":898,"height":500,"mime-type":"image\/jpeg","source_url":"https:\/\/www.humantrip.fr\/wp-content\/uploads\/2020\/09\/usiacuri-artisanat-icara-colombie-decouverte-898x500.jpg"}}},"alt_text":"","url":"","target":""}]]}},"_links":{"self":[{"href":"https:\/\/www.humantrip.fr\/es\/wp-json\/wp\/v2\/sejour\/3530","targetHints":{"allow":["GET"]}}],"collection":[{"href":"https:\/\/www.humantrip.fr\/es\/wp-json\/wp\/v2\/sejour"}],"about":[{"href":"https:\/\/www.humantrip.fr\/es\/wp-json\/wp\/v2\/types\/sejour"}],"wp:attachment":[{"href":"https:\/\/www.humantrip.fr\/es\/wp-json\/wp\/v2\/media?parent=3530"}],"wp:term":[{"taxonomy":"theme","embeddable":true,"href":"https:\/\/www.humantrip.fr\/es\/wp-json\/wp\/v2\/theme?post=3530"},{"taxonomy":"pays","embeddable":true,"href":"https:\/\/www.humantrip.fr\/es\/wp-json\/wp\/v2\/pays?post=3530"}],"curies":[{"name":"wp","href":"https:\/\/api.w.org\/{rel}","templated":true}]}}