{"id":3622,"date":"2020-09-01T16:49:45","date_gmt":"2020-09-01T14:49:45","guid":{"rendered":"https:\/\/www.humantrip.fr\/sejour\/la-colombie-a-travers-lamazonie-les-andes-et-les-caraibes\/"},"modified":"2023-11-30T15:32:31","modified_gmt":"2023-11-30T14:32:31","slug":"colombia-a-traves-de-lazonia-los-andes-y-el-caribe","status":"publish","type":"sejour","link":"https:\/\/www.humantrip.fr\/es\/permanezca-en\/colombia-a-traves-de-lazonia-los-andes-y-el-caribe\/","title":{"rendered":"Colombia a trav\u00e9s del Amazonas, los Andes y el Caribe"},"content":{"rendered":"<p>En este viaje descubrir\u00e1 tres de las cinco regiones que componen Colombia: desde la selva amaz\u00f3nica, pasando por las monta\u00f1as del macizo andino, hasta el Caribe en Cartagena. Sum\u00e9rgete en las diferentes culturas, historia y espacios naturales de Colombia.<\/p>","protected":false},"template":"","theme":[13,11,12],"pays":[15],"class_list":["post-3622","sejour","type-sejour","status-publish","hentry","theme-voyage-aventure","theme-voyage-nature","theme-voyage-sur-mesure","pays-colombie"],"acf":{"photo_gallery":{"destination_gallerie_photos":[[{"id":7798,"title":"Colombie \u00e0 travers l'Amazonie, les Andes et les Cara\u00efbes","caption":"","full_image_url":"https:\/\/www.humantrip.fr\/wp-content\/uploads\/2020\/11\/20191126_150148_054-scaled.jpg","thumbnail_image_url":"https:\/\/www.humantrip.fr\/wp-content\/uploads\/2020\/11\/20191126_150148_054-150x150.jpg","large_srcset":"https:\/\/www.humantrip.fr\/wp-content\/uploads\/2020\/11\/20191126_150148_054-1024x485.jpg 1024w, https:\/\/www.humantrip.fr\/wp-content\/uploads\/2020\/11\/20191126_150148_054-300x142.jpg 300w, https:\/\/www.humantrip.fr\/wp-content\/uploads\/2020\/11\/20191126_150148_054-768x363.jpg 768w, https:\/\/www.humantrip.fr\/wp-content\/uploads\/2020\/11\/20191126_150148_054-1536x727.jpg 1536w, https:\/\/www.humantrip.fr\/wp-content\/uploads\/2020\/11\/20191126_150148_054-scaled.jpg 2048w, https:\/\/www.humantrip.fr\/wp-content\/uploads\/2020\/11\/20191126_150148_054-450x213.jpg 450w, https:\/\/www.humantrip.fr\/wp-content\/uploads\/2020\/11\/20191126_150148_054-1057x500.jpg 1057w","medium_srcset":"https:\/\/www.humantrip.fr\/wp-content\/uploads\/2020\/11\/20191126_150148_054-300x142.jpg 300w, https:\/\/www.humantrip.fr\/wp-content\/uploads\/2020\/11\/20191126_150148_054-1024x485.jpg 1024w, https:\/\/www.humantrip.fr\/wp-content\/uploads\/2020\/11\/20191126_150148_054-768x363.jpg 768w, https:\/\/www.humantrip.fr\/wp-content\/uploads\/2020\/11\/20191126_150148_054-1536x727.jpg 1536w, https:\/\/www.humantrip.fr\/wp-content\/uploads\/2020\/11\/20191126_150148_054-scaled.jpg 2048w, https:\/\/www.humantrip.fr\/wp-content\/uploads\/2020\/11\/20191126_150148_054-450x213.jpg 450w, https:\/\/www.humantrip.fr\/wp-content\/uploads\/2020\/11\/20191126_150148_054-1057x500.jpg 1057w","media_details":{"width":2048,"height":969,"sizes":{"medium":{"file":"20191126_150148_054-300x142.jpg","width":300,"height":142,"mime-type":"image\/jpeg","source_url":"https:\/\/www.humantrip.fr\/wp-content\/uploads\/2020\/11\/20191126_150148_054-300x142.jpg"},"large":{"file":"20191126_150148_054-1024x485.jpg","width":1024,"height":485,"mime-type":"image\/jpeg","source_url":"https:\/\/www.humantrip.fr\/wp-content\/uploads\/2020\/11\/20191126_150148_054-1024x485.jpg"},"thumbnail":{"file":"20191126_150148_054-150x150.jpg","width":150,"height":150,"mime-type":"image\/jpeg","source_url":"https:\/\/www.humantrip.fr\/wp-content\/uploads\/2020\/11\/20191126_150148_054-150x150.jpg"},"medium_large":{"file":"20191126_150148_054-768x363.jpg","width":768,"height":363,"mime-type":"image\/jpeg","source_url":"https:\/\/www.humantrip.fr\/wp-content\/uploads\/2020\/11\/20191126_150148_054-768x363.jpg"},"1536x1536":{"file":"20191126_150148_054-1536x727.jpg","width":1536,"height":727,"mime-type":"image\/jpeg","source_url":"https:\/\/www.humantrip.fr\/wp-content\/uploads\/2020\/11\/20191126_150148_054-1536x727.jpg"},"2048x2048":{"file":"20191126_150148_054-2048x969.jpg","width":2048,"height":969,"mime-type":"image\/jpeg","source_url":"https:\/\/www.humantrip.fr\/wp-content\/uploads\/2020\/11\/20191126_150148_054-2048x969.jpg"},"gallery-home":{"file":"20191126_150148_054-200x200.jpg","width":200,"height":200,"mime-type":"image\/jpeg","source_url":"https:\/\/www.humantrip.fr\/wp-content\/uploads\/2020\/11\/20191126_150148_054-200x200.jpg"},"vignette-thumb":{"file":"20191126_150148_054-450x213.jpg","width":450,"height":213,"mime-type":"image\/jpeg","source_url":"https:\/\/www.humantrip.fr\/wp-content\/uploads\/2020\/11\/20191126_150148_054-450x213.jpg"},"homepage-thumb":{"file":"20191126_150148_054-1057x500.jpg","width":1057,"height":500,"mime-type":"image\/jpeg","source_url":"https:\/\/www.humantrip.fr\/wp-content\/uploads\/2020\/11\/20191126_150148_054-1057x500.jpg"}}},"alt_text":"","url":"","target":""},{"id":7733,"title":"La Colombie \u00e0 travers l'Amazonie, les Andes et les Cara\u00efbes oiseaux","caption":"","full_image_url":"https:\/\/www.humantrip.fr\/wp-content\/uploads\/2020\/11\/La-Colombie-a-travers-lamazonie-les-Andes-et-les-Caraibes-ave-2744190_960_720.jpg","thumbnail_image_url":"https:\/\/www.humantrip.fr\/wp-content\/uploads\/2020\/11\/La-Colombie-a-travers-lamazonie-les-Andes-et-les-Caraibes-ave-2744190_960_720-150x150.jpg","large_srcset":"https:\/\/www.humantrip.fr\/wp-content\/uploads\/2020\/11\/La-Colombie-a-travers-lamazonie-les-Andes-et-les-Caraibes-ave-2744190_960_720.jpg 960w, https:\/\/www.humantrip.fr\/wp-content\/uploads\/2020\/11\/La-Colombie-a-travers-lamazonie-les-Andes-et-les-Caraibes-ave-2744190_960_720-300x159.jpg 300w, https:\/\/www.humantrip.fr\/wp-content\/uploads\/2020\/11\/La-Colombie-a-travers-lamazonie-les-Andes-et-les-Caraibes-ave-2744190_960_720-768x408.jpg 768w, https:\/\/www.humantrip.fr\/wp-content\/uploads\/2020\/11\/La-Colombie-a-travers-lamazonie-les-Andes-et-les-Caraibes-ave-2744190_960_720-450x239.jpg 450w, https:\/\/www.humantrip.fr\/wp-content\/uploads\/2020\/11\/La-Colombie-a-travers-lamazonie-les-Andes-et-les-Caraibes-ave-2744190_960_720-941x500.jpg 941w","medium_srcset":"https:\/\/www.humantrip.fr\/wp-content\/uploads\/2020\/11\/La-Colombie-a-travers-lamazonie-les-Andes-et-les-Caraibes-ave-2744190_960_720-300x159.jpg 300w, https:\/\/www.humantrip.fr\/wp-content\/uploads\/2020\/11\/La-Colombie-a-travers-lamazonie-les-Andes-et-les-Caraibes-ave-2744190_960_720-768x408.jpg 768w, https:\/\/www.humantrip.fr\/wp-content\/uploads\/2020\/11\/La-Colombie-a-travers-lamazonie-les-Andes-et-les-Caraibes-ave-2744190_960_720-450x239.jpg 450w, https:\/\/www.humantrip.fr\/wp-content\/uploads\/2020\/11\/La-Colombie-a-travers-lamazonie-les-Andes-et-les-Caraibes-ave-2744190_960_720-941x500.jpg 941w, https:\/\/www.humantrip.fr\/wp-content\/uploads\/2020\/11\/La-Colombie-a-travers-lamazonie-les-Andes-et-les-Caraibes-ave-2744190_960_720.jpg 960w","media_details":{"width":960,"height":510,"sizes":{"medium":{"file":"La-Colombie-a-travers-lamazonie-les-Andes-et-les-Caraibes-ave-2744190_960_720-300x159.jpg","width":300,"height":159,"mime-type":"image\/jpeg","source_url":"https:\/\/www.humantrip.fr\/wp-content\/uploads\/2020\/11\/La-Colombie-a-travers-lamazonie-les-Andes-et-les-Caraibes-ave-2744190_960_720-300x159.jpg"},"thumbnail":{"file":"La-Colombie-a-travers-lamazonie-les-Andes-et-les-Caraibes-ave-2744190_960_720-150x150.jpg","width":150,"height":150,"mime-type":"image\/jpeg","source_url":"https:\/\/www.humantrip.fr\/wp-content\/uploads\/2020\/11\/La-Colombie-a-travers-lamazonie-les-Andes-et-les-Caraibes-ave-2744190_960_720-150x150.jpg"},"medium_large":{"file":"La-Colombie-a-travers-lamazonie-les-Andes-et-les-Caraibes-ave-2744190_960_720-768x408.jpg","width":768,"height":408,"mime-type":"image\/jpeg","source_url":"https:\/\/www.humantrip.fr\/wp-content\/uploads\/2020\/11\/La-Colombie-a-travers-lamazonie-les-Andes-et-les-Caraibes-ave-2744190_960_720-768x408.jpg"},"gallery-home":{"file":"La-Colombie-a-travers-lamazonie-les-Andes-et-les-Caraibes-ave-2744190_960_720-200x200.jpg","width":200,"height":200,"mime-type":"image\/jpeg","source_url":"https:\/\/www.humantrip.fr\/wp-content\/uploads\/2020\/11\/La-Colombie-a-travers-lamazonie-les-Andes-et-les-Caraibes-ave-2744190_960_720-200x200.jpg"},"vignette-thumb":{"file":"La-Colombie-a-travers-lamazonie-les-Andes-et-les-Caraibes-ave-2744190_960_720-450x239.jpg","width":450,"height":239,"mime-type":"image\/jpeg","source_url":"https:\/\/www.humantrip.fr\/wp-content\/uploads\/2020\/11\/La-Colombie-a-travers-lamazonie-les-Andes-et-les-Caraibes-ave-2744190_960_720-450x239.jpg"},"homepage-thumb":{"file":"La-Colombie-a-travers-lamazonie-les-Andes-et-les-Caraibes-ave-2744190_960_720-941x500.jpg","width":941,"height":500,"mime-type":"image\/jpeg","source_url":"https:\/\/www.humantrip.fr\/wp-content\/uploads\/2020\/11\/La-Colombie-a-travers-lamazonie-les-Andes-et-les-Caraibes-ave-2744190_960_720-941x500.jpg"}}},"alt_text":"","url":"","target":""},{"id":7734,"title":"La Colombie \u00e0 travers l'Amazonie, les Andes et les Cara\u00efbes","caption":"","full_image_url":"https:\/\/www.humantrip.fr\/wp-content\/uploads\/2020\/11\/La-Colombie-a-travers-lamazonie-les-Andes-et-les-Caraibes-bags-3877599_960_720.jpg","thumbnail_image_url":"https:\/\/www.humantrip.fr\/wp-content\/uploads\/2020\/11\/La-Colombie-a-travers-lamazonie-les-Andes-et-les-Caraibes-bags-3877599_960_720-150x150.jpg","large_srcset":"https:\/\/www.humantrip.fr\/wp-content\/uploads\/2020\/11\/La-Colombie-a-travers-lamazonie-les-Andes-et-les-Caraibes-bags-3877599_960_720.jpg 960w, https:\/\/www.humantrip.fr\/wp-content\/uploads\/2020\/11\/La-Colombie-a-travers-lamazonie-les-Andes-et-les-Caraibes-bags-3877599_960_720-300x200.jpg 300w, https:\/\/www.humantrip.fr\/wp-content\/uploads\/2020\/11\/La-Colombie-a-travers-lamazonie-les-Andes-et-les-Caraibes-bags-3877599_960_720-768x511.jpg 768w, https:\/\/www.humantrip.fr\/wp-content\/uploads\/2020\/11\/La-Colombie-a-travers-lamazonie-les-Andes-et-les-Caraibes-bags-3877599_960_720-450x300.jpg 450w, https:\/\/www.humantrip.fr\/wp-content\/uploads\/2020\/11\/La-Colombie-a-travers-lamazonie-les-Andes-et-les-Caraibes-bags-3877599_960_720-751x500.jpg 751w","medium_srcset":"https:\/\/www.humantrip.fr\/wp-content\/uploads\/2020\/11\/La-Colombie-a-travers-lamazonie-les-Andes-et-les-Caraibes-bags-3877599_960_720-300x200.jpg 300w, https:\/\/www.humantrip.fr\/wp-content\/uploads\/2020\/11\/La-Colombie-a-travers-lamazonie-les-Andes-et-les-Caraibes-bags-3877599_960_720-768x511.jpg 768w, https:\/\/www.humantrip.fr\/wp-content\/uploads\/2020\/11\/La-Colombie-a-travers-lamazonie-les-Andes-et-les-Caraibes-bags-3877599_960_720-450x300.jpg 450w, https:\/\/www.humantrip.fr\/wp-content\/uploads\/2020\/11\/La-Colombie-a-travers-lamazonie-les-Andes-et-les-Caraibes-bags-3877599_960_720-751x500.jpg 751w, https:\/\/www.humantrip.fr\/wp-content\/uploads\/2020\/11\/La-Colombie-a-travers-lamazonie-les-Andes-et-les-Caraibes-bags-3877599_960_720.jpg 960w","media_details":{"width":960,"height":639,"sizes":{"medium":{"file":"La-Colombie-a-travers-lamazonie-les-Andes-et-les-Caraibes-bags-3877599_960_720-300x200.jpg","width":300,"height":200,"mime-type":"image\/jpeg","source_url":"https:\/\/www.humantrip.fr\/wp-content\/uploads\/2020\/11\/La-Colombie-a-travers-lamazonie-les-Andes-et-les-Caraibes-bags-3877599_960_720-300x200.jpg"},"thumbnail":{"file":"La-Colombie-a-travers-lamazonie-les-Andes-et-les-Caraibes-bags-3877599_960_720-150x150.jpg","width":150,"height":150,"mime-type":"image\/jpeg","source_url":"https:\/\/www.humantrip.fr\/wp-content\/uploads\/2020\/11\/La-Colombie-a-travers-lamazonie-les-Andes-et-les-Caraibes-bags-3877599_960_720-150x150.jpg"},"medium_large":{"file":"La-Colombie-a-travers-lamazonie-les-Andes-et-les-Caraibes-bags-3877599_960_720-768x511.jpg","width":768,"height":511,"mime-type":"image\/jpeg","source_url":"https:\/\/www.humantrip.fr\/wp-content\/uploads\/2020\/11\/La-Colombie-a-travers-lamazonie-les-Andes-et-les-Caraibes-bags-3877599_960_720-768x511.jpg"},"gallery-home":{"file":"La-Colombie-a-travers-lamazonie-les-Andes-et-les-Caraibes-bags-3877599_960_720-200x200.jpg","width":200,"height":200,"mime-type":"image\/jpeg","source_url":"https:\/\/www.humantrip.fr\/wp-content\/uploads\/2020\/11\/La-Colombie-a-travers-lamazonie-les-Andes-et-les-Caraibes-bags-3877599_960_720-200x200.jpg"},"vignette-thumb":{"file":"La-Colombie-a-travers-lamazonie-les-Andes-et-les-Caraibes-bags-3877599_960_720-450x300.jpg","width":450,"height":300,"mime-type":"image\/jpeg","source_url":"https:\/\/www.humantrip.fr\/wp-content\/uploads\/2020\/11\/La-Colombie-a-travers-lamazonie-les-Andes-et-les-Caraibes-bags-3877599_960_720-450x300.jpg"},"homepage-thumb":{"file":"La-Colombie-a-travers-lamazonie-les-Andes-et-les-Caraibes-bags-3877599_960_720-751x500.jpg","width":751,"height":500,"mime-type":"image\/jpeg","source_url":"https:\/\/www.humantrip.fr\/wp-content\/uploads\/2020\/11\/La-Colombie-a-travers-lamazonie-les-Andes-et-les-Caraibes-bags-3877599_960_720-751x500.jpg"}}},"alt_text":"","url":"","target":""},{"id":7735,"title":"La Colombie \u00e0 travers l'Amazonie, les Andes et les Cara\u00efbes Cann\u00e8lerai","caption":"","full_image_url":"https:\/\/www.humantrip.fr\/wp-content\/uploads\/2020\/11\/La-Colombie-a-travers-lamazonie-les-Andes-et-les-Caraibes-Candeleria-bogota-54437_960_720.jpg","thumbnail_image_url":"https:\/\/www.humantrip.fr\/wp-content\/uploads\/2020\/11\/La-Colombie-a-travers-lamazonie-les-Andes-et-les-Caraibes-Candeleria-bogota-54437_960_720-150x150.jpg","large_srcset":"https:\/\/www.humantrip.fr\/wp-content\/uploads\/2020\/11\/La-Colombie-a-travers-lamazonie-les-Andes-et-les-Caraibes-Candeleria-bogota-54437_960_720.jpg 960w, https:\/\/www.humantrip.fr\/wp-content\/uploads\/2020\/11\/La-Colombie-a-travers-lamazonie-les-Andes-et-les-Caraibes-Candeleria-bogota-54437_960_720-300x225.jpg 300w, https:\/\/www.humantrip.fr\/wp-content\/uploads\/2020\/11\/La-Colombie-a-travers-lamazonie-les-Andes-et-les-Caraibes-Candeleria-bogota-54437_960_720-768x576.jpg 768w, https:\/\/www.humantrip.fr\/wp-content\/uploads\/2020\/11\/La-Colombie-a-travers-lamazonie-les-Andes-et-les-Caraibes-Candeleria-bogota-54437_960_720-400x300.jpg 400w, https:\/\/www.humantrip.fr\/wp-content\/uploads\/2020\/11\/La-Colombie-a-travers-lamazonie-les-Andes-et-les-Caraibes-Candeleria-bogota-54437_960_720-667x500.jpg 667w","medium_srcset":"https:\/\/www.humantrip.fr\/wp-content\/uploads\/2020\/11\/La-Colombie-a-travers-lamazonie-les-Andes-et-les-Caraibes-Candeleria-bogota-54437_960_720-300x225.jpg 300w, https:\/\/www.humantrip.fr\/wp-content\/uploads\/2020\/11\/La-Colombie-a-travers-lamazonie-les-Andes-et-les-Caraibes-Candeleria-bogota-54437_960_720-768x576.jpg 768w, https:\/\/www.humantrip.fr\/wp-content\/uploads\/2020\/11\/La-Colombie-a-travers-lamazonie-les-Andes-et-les-Caraibes-Candeleria-bogota-54437_960_720-400x300.jpg 400w, https:\/\/www.humantrip.fr\/wp-content\/uploads\/2020\/11\/La-Colombie-a-travers-lamazonie-les-Andes-et-les-Caraibes-Candeleria-bogota-54437_960_720-667x500.jpg 667w, https:\/\/www.humantrip.fr\/wp-content\/uploads\/2020\/11\/La-Colombie-a-travers-lamazonie-les-Andes-et-les-Caraibes-Candeleria-bogota-54437_960_720.jpg 960w","media_details":{"width":960,"height":720,"sizes":{"medium":{"file":"La-Colombie-a-travers-lamazonie-les-Andes-et-les-Caraibes-Candeleria-bogota-54437_960_720-300x225.jpg","width":300,"height":225,"mime-type":"image\/jpeg","source_url":"https:\/\/www.humantrip.fr\/wp-content\/uploads\/2020\/11\/La-Colombie-a-travers-lamazonie-les-Andes-et-les-Caraibes-Candeleria-bogota-54437_960_720-300x225.jpg"},"thumbnail":{"file":"La-Colombie-a-travers-lamazonie-les-Andes-et-les-Caraibes-Candeleria-bogota-54437_960_720-150x150.jpg","width":150,"height":150,"mime-type":"image\/jpeg","source_url":"https:\/\/www.humantrip.fr\/wp-content\/uploads\/2020\/11\/La-Colombie-a-travers-lamazonie-les-Andes-et-les-Caraibes-Candeleria-bogota-54437_960_720-150x150.jpg"},"medium_large":{"file":"La-Colombie-a-travers-lamazonie-les-Andes-et-les-Caraibes-Candeleria-bogota-54437_960_720-768x576.jpg","width":768,"height":576,"mime-type":"image\/jpeg","source_url":"https:\/\/www.humantrip.fr\/wp-content\/uploads\/2020\/11\/La-Colombie-a-travers-lamazonie-les-Andes-et-les-Caraibes-Candeleria-bogota-54437_960_720-768x576.jpg"},"gallery-home":{"file":"La-Colombie-a-travers-lamazonie-les-Andes-et-les-Caraibes-Candeleria-bogota-54437_960_720-200x200.jpg","width":200,"height":200,"mime-type":"image\/jpeg","source_url":"https:\/\/www.humantrip.fr\/wp-content\/uploads\/2020\/11\/La-Colombie-a-travers-lamazonie-les-Andes-et-les-Caraibes-Candeleria-bogota-54437_960_720-200x200.jpg"},"vignette-thumb":{"file":"La-Colombie-a-travers-lamazonie-les-Andes-et-les-Caraibes-Candeleria-bogota-54437_960_720-400x300.jpg","width":400,"height":300,"mime-type":"image\/jpeg","source_url":"https:\/\/www.humantrip.fr\/wp-content\/uploads\/2020\/11\/La-Colombie-a-travers-lamazonie-les-Andes-et-les-Caraibes-Candeleria-bogota-54437_960_720-400x300.jpg"},"homepage-thumb":{"file":"La-Colombie-a-travers-lamazonie-les-Andes-et-les-Caraibes-Candeleria-bogota-54437_960_720-667x500.jpg","width":667,"height":500,"mime-type":"image\/jpeg","source_url":"https:\/\/www.humantrip.fr\/wp-content\/uploads\/2020\/11\/La-Colombie-a-travers-lamazonie-les-Andes-et-les-Caraibes-Candeleria-bogota-54437_960_720-667x500.jpg"}}},"alt_text":"","url":"","target":""},{"id":7736,"title":"La Colombie \u00e0 travers l'Amazonie, les Andes et les Cara\u00efbes ch\u00e2teau","caption":"","full_image_url":"https:\/\/www.humantrip.fr\/wp-content\/uploads\/2020\/11\/La-Colombie-a-travers-lamazonie-les-Andes-et-les-Caraibes-castle-of-san-felipe-3752744_960_720.jpg","thumbnail_image_url":"https:\/\/www.humantrip.fr\/wp-content\/uploads\/2020\/11\/La-Colombie-a-travers-lamazonie-les-Andes-et-les-Caraibes-castle-of-san-felipe-3752744_960_720-150x150.jpg","large_srcset":"https:\/\/www.humantrip.fr\/wp-content\/uploads\/2020\/11\/La-Colombie-a-travers-lamazonie-les-Andes-et-les-Caraibes-castle-of-san-felipe-3752744_960_720.jpg 960w, https:\/\/www.humantrip.fr\/wp-content\/uploads\/2020\/11\/La-Colombie-a-travers-lamazonie-les-Andes-et-les-Caraibes-castle-of-san-felipe-3752744_960_720-300x199.jpg 300w, https:\/\/www.humantrip.fr\/wp-content\/uploads\/2020\/11\/La-Colombie-a-travers-lamazonie-les-Andes-et-les-Caraibes-castle-of-san-felipe-3752744_960_720-768x510.jpg 768w, https:\/\/www.humantrip.fr\/wp-content\/uploads\/2020\/11\/La-Colombie-a-travers-lamazonie-les-Andes-et-les-Caraibes-castle-of-san-felipe-3752744_960_720-450x300.jpg 450w, https:\/\/www.humantrip.fr\/wp-content\/uploads\/2020\/11\/La-Colombie-a-travers-lamazonie-les-Andes-et-les-Caraibes-castle-of-san-felipe-3752744_960_720-752x500.jpg 752w","medium_srcset":"https:\/\/www.humantrip.fr\/wp-content\/uploads\/2020\/11\/La-Colombie-a-travers-lamazonie-les-Andes-et-les-Caraibes-castle-of-san-felipe-3752744_960_720-300x199.jpg 300w, https:\/\/www.humantrip.fr\/wp-content\/uploads\/2020\/11\/La-Colombie-a-travers-lamazonie-les-Andes-et-les-Caraibes-castle-of-san-felipe-3752744_960_720-768x510.jpg 768w, https:\/\/www.humantrip.fr\/wp-content\/uploads\/2020\/11\/La-Colombie-a-travers-lamazonie-les-Andes-et-les-Caraibes-castle-of-san-felipe-3752744_960_720-450x300.jpg 450w, https:\/\/www.humantrip.fr\/wp-content\/uploads\/2020\/11\/La-Colombie-a-travers-lamazonie-les-Andes-et-les-Caraibes-castle-of-san-felipe-3752744_960_720-752x500.jpg 752w, https:\/\/www.humantrip.fr\/wp-content\/uploads\/2020\/11\/La-Colombie-a-travers-lamazonie-les-Andes-et-les-Caraibes-castle-of-san-felipe-3752744_960_720.jpg 960w","media_details":{"width":960,"height":638,"sizes":{"medium":{"file":"La-Colombie-a-travers-lamazonie-les-Andes-et-les-Caraibes-castle-of-san-felipe-3752744_960_720-300x199.jpg","width":300,"height":199,"mime-type":"image\/jpeg","source_url":"https:\/\/www.humantrip.fr\/wp-content\/uploads\/2020\/11\/La-Colombie-a-travers-lamazonie-les-Andes-et-les-Caraibes-castle-of-san-felipe-3752744_960_720-300x199.jpg"},"thumbnail":{"file":"La-Colombie-a-travers-lamazonie-les-Andes-et-les-Caraibes-castle-of-san-felipe-3752744_960_720-150x150.jpg","width":150,"height":150,"mime-type":"image\/jpeg","source_url":"https:\/\/www.humantrip.fr\/wp-content\/uploads\/2020\/11\/La-Colombie-a-travers-lamazonie-les-Andes-et-les-Caraibes-castle-of-san-felipe-3752744_960_720-150x150.jpg"},"medium_large":{"file":"La-Colombie-a-travers-lamazonie-les-Andes-et-les-Caraibes-castle-of-san-felipe-3752744_960_720-768x510.jpg","width":768,"height":510,"mime-type":"image\/jpeg","source_url":"https:\/\/www.humantrip.fr\/wp-content\/uploads\/2020\/11\/La-Colombie-a-travers-lamazonie-les-Andes-et-les-Caraibes-castle-of-san-felipe-3752744_960_720-768x510.jpg"},"gallery-home":{"file":"La-Colombie-a-travers-lamazonie-les-Andes-et-les-Caraibes-castle-of-san-felipe-3752744_960_720-200x200.jpg","width":200,"height":200,"mime-type":"image\/jpeg","source_url":"https:\/\/www.humantrip.fr\/wp-content\/uploads\/2020\/11\/La-Colombie-a-travers-lamazonie-les-Andes-et-les-Caraibes-castle-of-san-felipe-3752744_960_720-200x200.jpg"},"vignette-thumb":{"file":"La-Colombie-a-travers-lamazonie-les-Andes-et-les-Caraibes-castle-of-san-felipe-3752744_960_720-450x300.jpg","width":450,"height":300,"mime-type":"image\/jpeg","source_url":"https:\/\/www.humantrip.fr\/wp-content\/uploads\/2020\/11\/La-Colombie-a-travers-lamazonie-les-Andes-et-les-Caraibes-castle-of-san-felipe-3752744_960_720-450x300.jpg"},"homepage-thumb":{"file":"La-Colombie-a-travers-lamazonie-les-Andes-et-les-Caraibes-castle-of-san-felipe-3752744_960_720-752x500.jpg","width":752,"height":500,"mime-type":"image\/jpeg","source_url":"https:\/\/www.humantrip.fr\/wp-content\/uploads\/2020\/11\/La-Colombie-a-travers-lamazonie-les-Andes-et-les-Caraibes-castle-of-san-felipe-3752744_960_720-752x500.jpg"}}},"alt_text":"","url":"","target":""},{"id":7739,"title":"La Colombie \u00e0 travers l'Amazonie, les Andes et les Cara\u00efbes mono","caption":"","full_image_url":"https:\/\/www.humantrip.fr\/wp-content\/uploads\/2020\/11\/La-Colombie-a-travers-lamazonie-les-Andes-et-les-Caraibes-mono-1522267_960_720.jpg","thumbnail_image_url":"https:\/\/www.humantrip.fr\/wp-content\/uploads\/2020\/11\/La-Colombie-a-travers-lamazonie-les-Andes-et-les-Caraibes-mono-1522267_960_720-150x150.jpg","large_srcset":"https:\/\/www.humantrip.fr\/wp-content\/uploads\/2020\/11\/La-Colombie-a-travers-lamazonie-les-Andes-et-les-Caraibes-mono-1522267_960_720.jpg 960w, https:\/\/www.humantrip.fr\/wp-content\/uploads\/2020\/11\/La-Colombie-a-travers-lamazonie-les-Andes-et-les-Caraibes-mono-1522267_960_720-300x205.jpg 300w, https:\/\/www.humantrip.fr\/wp-content\/uploads\/2020\/11\/La-Colombie-a-travers-lamazonie-les-Andes-et-les-Caraibes-mono-1522267_960_720-768x524.jpg 768w, https:\/\/www.humantrip.fr\/wp-content\/uploads\/2020\/11\/La-Colombie-a-travers-lamazonie-les-Andes-et-les-Caraibes-mono-1522267_960_720-440x300.jpg 440w, https:\/\/www.humantrip.fr\/wp-content\/uploads\/2020\/11\/La-Colombie-a-travers-lamazonie-les-Andes-et-les-Caraibes-mono-1522267_960_720-733x500.jpg 733w","medium_srcset":"https:\/\/www.humantrip.fr\/wp-content\/uploads\/2020\/11\/La-Colombie-a-travers-lamazonie-les-Andes-et-les-Caraibes-mono-1522267_960_720-300x205.jpg 300w, https:\/\/www.humantrip.fr\/wp-content\/uploads\/2020\/11\/La-Colombie-a-travers-lamazonie-les-Andes-et-les-Caraibes-mono-1522267_960_720-768x524.jpg 768w, https:\/\/www.humantrip.fr\/wp-content\/uploads\/2020\/11\/La-Colombie-a-travers-lamazonie-les-Andes-et-les-Caraibes-mono-1522267_960_720-440x300.jpg 440w, https:\/\/www.humantrip.fr\/wp-content\/uploads\/2020\/11\/La-Colombie-a-travers-lamazonie-les-Andes-et-les-Caraibes-mono-1522267_960_720-733x500.jpg 733w, https:\/\/www.humantrip.fr\/wp-content\/uploads\/2020\/11\/La-Colombie-a-travers-lamazonie-les-Andes-et-les-Caraibes-mono-1522267_960_720.jpg 960w","media_details":{"width":960,"height":655,"sizes":{"medium":{"file":"La-Colombie-a-travers-lamazonie-les-Andes-et-les-Caraibes-mono-1522267_960_720-300x205.jpg","width":300,"height":205,"mime-type":"image\/jpeg","source_url":"https:\/\/www.humantrip.fr\/wp-content\/uploads\/2020\/11\/La-Colombie-a-travers-lamazonie-les-Andes-et-les-Caraibes-mono-1522267_960_720-300x205.jpg"},"thumbnail":{"file":"La-Colombie-a-travers-lamazonie-les-Andes-et-les-Caraibes-mono-1522267_960_720-150x150.jpg","width":150,"height":150,"mime-type":"image\/jpeg","source_url":"https:\/\/www.humantrip.fr\/wp-content\/uploads\/2020\/11\/La-Colombie-a-travers-lamazonie-les-Andes-et-les-Caraibes-mono-1522267_960_720-150x150.jpg"},"medium_large":{"file":"La-Colombie-a-travers-lamazonie-les-Andes-et-les-Caraibes-mono-1522267_960_720-768x524.jpg","width":768,"height":524,"mime-type":"image\/jpeg","source_url":"https:\/\/www.humantrip.fr\/wp-content\/uploads\/2020\/11\/La-Colombie-a-travers-lamazonie-les-Andes-et-les-Caraibes-mono-1522267_960_720-768x524.jpg"},"gallery-home":{"file":"La-Colombie-a-travers-lamazonie-les-Andes-et-les-Caraibes-mono-1522267_960_720-200x200.jpg","width":200,"height":200,"mime-type":"image\/jpeg","source_url":"https:\/\/www.humantrip.fr\/wp-content\/uploads\/2020\/11\/La-Colombie-a-travers-lamazonie-les-Andes-et-les-Caraibes-mono-1522267_960_720-200x200.jpg"},"vignette-thumb":{"file":"La-Colombie-a-travers-lamazonie-les-Andes-et-les-Caraibes-mono-1522267_960_720-440x300.jpg","width":440,"height":300,"mime-type":"image\/jpeg","source_url":"https:\/\/www.humantrip.fr\/wp-content\/uploads\/2020\/11\/La-Colombie-a-travers-lamazonie-les-Andes-et-les-Caraibes-mono-1522267_960_720-440x300.jpg"},"homepage-thumb":{"file":"La-Colombie-a-travers-lamazonie-les-Andes-et-les-Caraibes-mono-1522267_960_720-733x500.jpg","width":733,"height":500,"mime-type":"image\/jpeg","source_url":"https:\/\/www.humantrip.fr\/wp-content\/uploads\/2020\/11\/La-Colombie-a-travers-lamazonie-les-Andes-et-les-Caraibes-mono-1522267_960_720-733x500.jpg"}}},"alt_text":"","url":"","target":""},{"id":7740,"title":"La Colombie \u00e0 travers l'amazonie, les Andes et les Cara\u00efbes Port Narinoamazon","caption":"","full_image_url":"https:\/\/www.humantrip.fr\/wp-content\/uploads\/2020\/11\/La-Colombie-a-travers-lamazonie-les-Andes-et-les-Caraibes-Port-Narinoamazon-2373016_960_720.jpg","thumbnail_image_url":"https:\/\/www.humantrip.fr\/wp-content\/uploads\/2020\/11\/La-Colombie-a-travers-lamazonie-les-Andes-et-les-Caraibes-Port-Narinoamazon-2373016_960_720-150x150.jpg","large_srcset":"https:\/\/www.humantrip.fr\/wp-content\/uploads\/2020\/11\/La-Colombie-a-travers-lamazonie-les-Andes-et-les-Caraibes-Port-Narinoamazon-2373016_960_720.jpg 960w, https:\/\/www.humantrip.fr\/wp-content\/uploads\/2020\/11\/La-Colombie-a-travers-lamazonie-les-Andes-et-les-Caraibes-Port-Narinoamazon-2373016_960_720-300x225.jpg 300w, https:\/\/www.humantrip.fr\/wp-content\/uploads\/2020\/11\/La-Colombie-a-travers-lamazonie-les-Andes-et-les-Caraibes-Port-Narinoamazon-2373016_960_720-768x576.jpg 768w, https:\/\/www.humantrip.fr\/wp-content\/uploads\/2020\/11\/La-Colombie-a-travers-lamazonie-les-Andes-et-les-Caraibes-Port-Narinoamazon-2373016_960_720-400x300.jpg 400w, https:\/\/www.humantrip.fr\/wp-content\/uploads\/2020\/11\/La-Colombie-a-travers-lamazonie-les-Andes-et-les-Caraibes-Port-Narinoamazon-2373016_960_720-667x500.jpg 667w","medium_srcset":"https:\/\/www.humantrip.fr\/wp-content\/uploads\/2020\/11\/La-Colombie-a-travers-lamazonie-les-Andes-et-les-Caraibes-Port-Narinoamazon-2373016_960_720-300x225.jpg 300w, https:\/\/www.humantrip.fr\/wp-content\/uploads\/2020\/11\/La-Colombie-a-travers-lamazonie-les-Andes-et-les-Caraibes-Port-Narinoamazon-2373016_960_720-768x576.jpg 768w, https:\/\/www.humantrip.fr\/wp-content\/uploads\/2020\/11\/La-Colombie-a-travers-lamazonie-les-Andes-et-les-Caraibes-Port-Narinoamazon-2373016_960_720-400x300.jpg 400w, https:\/\/www.humantrip.fr\/wp-content\/uploads\/2020\/11\/La-Colombie-a-travers-lamazonie-les-Andes-et-les-Caraibes-Port-Narinoamazon-2373016_960_720-667x500.jpg 667w, https:\/\/www.humantrip.fr\/wp-content\/uploads\/2020\/11\/La-Colombie-a-travers-lamazonie-les-Andes-et-les-Caraibes-Port-Narinoamazon-2373016_960_720.jpg 960w","media_details":{"width":960,"height":720,"sizes":{"medium":{"file":"La-Colombie-a-travers-lamazonie-les-Andes-et-les-Caraibes-Port-Narinoamazon-2373016_960_720-300x225.jpg","width":300,"height":225,"mime-type":"image\/jpeg","source_url":"https:\/\/www.humantrip.fr\/wp-content\/uploads\/2020\/11\/La-Colombie-a-travers-lamazonie-les-Andes-et-les-Caraibes-Port-Narinoamazon-2373016_960_720-300x225.jpg"},"thumbnail":{"file":"La-Colombie-a-travers-lamazonie-les-Andes-et-les-Caraibes-Port-Narinoamazon-2373016_960_720-150x150.jpg","width":150,"height":150,"mime-type":"image\/jpeg","source_url":"https:\/\/www.humantrip.fr\/wp-content\/uploads\/2020\/11\/La-Colombie-a-travers-lamazonie-les-Andes-et-les-Caraibes-Port-Narinoamazon-2373016_960_720-150x150.jpg"},"medium_large":{"file":"La-Colombie-a-travers-lamazonie-les-Andes-et-les-Caraibes-Port-Narinoamazon-2373016_960_720-768x576.jpg","width":768,"height":576,"mime-type":"image\/jpeg","source_url":"https:\/\/www.humantrip.fr\/wp-content\/uploads\/2020\/11\/La-Colombie-a-travers-lamazonie-les-Andes-et-les-Caraibes-Port-Narinoamazon-2373016_960_720-768x576.jpg"},"gallery-home":{"file":"La-Colombie-a-travers-lamazonie-les-Andes-et-les-Caraibes-Port-Narinoamazon-2373016_960_720-200x200.jpg","width":200,"height":200,"mime-type":"image\/jpeg","source_url":"https:\/\/www.humantrip.fr\/wp-content\/uploads\/2020\/11\/La-Colombie-a-travers-lamazonie-les-Andes-et-les-Caraibes-Port-Narinoamazon-2373016_960_720-200x200.jpg"},"vignette-thumb":{"file":"La-Colombie-a-travers-lamazonie-les-Andes-et-les-Caraibes-Port-Narinoamazon-2373016_960_720-400x300.jpg","width":400,"height":300,"mime-type":"image\/jpeg","source_url":"https:\/\/www.humantrip.fr\/wp-content\/uploads\/2020\/11\/La-Colombie-a-travers-lamazonie-les-Andes-et-les-Caraibes-Port-Narinoamazon-2373016_960_720-400x300.jpg"},"homepage-thumb":{"file":"La-Colombie-a-travers-lamazonie-les-Andes-et-les-Caraibes-Port-Narinoamazon-2373016_960_720-667x500.jpg","width":667,"height":500,"mime-type":"image\/jpeg","source_url":"https:\/\/www.humantrip.fr\/wp-content\/uploads\/2020\/11\/La-Colombie-a-travers-lamazonie-les-Andes-et-les-Caraibes-Port-Narinoamazon-2373016_960_720-667x500.jpg"}}},"alt_text":"","url":"","target":""}]]}},"_links":{"self":[{"href":"https:\/\/www.humantrip.fr\/es\/wp-json\/wp\/v2\/sejour\/3622","targetHints":{"allow":["GET"]}}],"collection":[{"href":"https:\/\/www.humantrip.fr\/es\/wp-json\/wp\/v2\/sejour"}],"about":[{"href":"https:\/\/www.humantrip.fr\/es\/wp-json\/wp\/v2\/types\/sejour"}],"wp:attachment":[{"href":"https:\/\/www.humantrip.fr\/es\/wp-json\/wp\/v2\/media?parent=3622"}],"wp:term":[{"taxonomy":"theme","embeddable":true,"href":"https:\/\/www.humantrip.fr\/es\/wp-json\/wp\/v2\/theme?post=3622"},{"taxonomy":"pays","embeddable":true,"href":"https:\/\/www.humantrip.fr\/es\/wp-json\/wp\/v2\/pays?post=3622"}],"curies":[{"name":"wp","href":"https:\/\/api.w.org\/{rel}","templated":true}]}}