{"id":3684,"date":"2020-09-01T16:49:53","date_gmt":"2020-09-01T14:49:53","guid":{"rendered":"https:\/\/www.humantrip.fr\/sejour\/sejour-participatif-a-banfora\/"},"modified":"2021-01-26T16:57:33","modified_gmt":"2021-01-26T15:57:33","slug":"estancia-participativa-en-banfora","status":"publish","type":"sejour","link":"https:\/\/www.humantrip.fr\/es\/permanezca-en\/estancia-participativa-en-banfora\/","title":{"rendered":"Estancia participativa en Banfora"},"content":{"rendered":"<p>Otra vida, otra cultura... En Burkina Faso, estamos en la tierra del compromiso, en una aut\u00e9ntica cuna de humanidad, de riqueza, de encuentros humanos, art\u00edsticos y solidarios. En todas partes, estemos donde estemos, los pensamientos se movilizan para ir m\u00e1s all\u00e1 de la adversidad, y la m\u00fasica marca el ritmo de nuestros pasos y nos acoge como el sol. Isabelle, Ouaga.<\/p>","protected":false},"template":"","theme":[103,81,11,80],"pays":[30],"class_list":["post-3684","sejour","type-sejour","status-publish","hentry","theme-voyage-de-groupe","theme-eco-volontariat","theme-voyage-nature","theme-voyage-participatif","pays-burkina-faso"],"acf":{"photo_gallery":{"destination_gallerie_photos":[[{"id":5458,"title":"3684 - S\u00e9jour participatif \u00e0 Banfora - 1","caption":"Image Upload\u00e9e automatiquement N\u00b0-1 du s\u00e9jour d'id N\u00b0-3684(nomm\u00e9 S\u00e9jour participatif \u00e0 Banfora)","full_image_url":"https:\/\/www.humantrip.fr\/wp-content\/uploads\/2020\/09\/sejour_participatif_a_banfora_-_tengrela_.jpg","thumbnail_image_url":"https:\/\/www.humantrip.fr\/wp-content\/uploads\/2020\/09\/sejour_participatif_a_banfora_-_tengrela_-150x150.jpg","large_srcset":"https:\/\/www.humantrip.fr\/wp-content\/uploads\/2020\/09\/sejour_participatif_a_banfora_-_tengrela_.jpg 421w, https:\/\/www.humantrip.fr\/wp-content\/uploads\/2020\/09\/sejour_participatif_a_banfora_-_tengrela_-300x245.jpg 300w, https:\/\/www.humantrip.fr\/wp-content\/uploads\/2020\/09\/sejour_participatif_a_banfora_-_tengrela_-367x300.jpg 367w","medium_srcset":"https:\/\/www.humantrip.fr\/wp-content\/uploads\/2020\/09\/sejour_participatif_a_banfora_-_tengrela_-300x245.jpg 300w, https:\/\/www.humantrip.fr\/wp-content\/uploads\/2020\/09\/sejour_participatif_a_banfora_-_tengrela_-367x300.jpg 367w, https:\/\/www.humantrip.fr\/wp-content\/uploads\/2020\/09\/sejour_participatif_a_banfora_-_tengrela_.jpg 421w","media_details":{"width":421,"height":344,"sizes":{"medium":{"file":"sejour_participatif_a_banfora_-_tengrela_-300x245.jpg","width":300,"height":245,"mime-type":"image\/jpeg","source_url":"https:\/\/www.humantrip.fr\/wp-content\/uploads\/2020\/09\/sejour_participatif_a_banfora_-_tengrela_-300x245.jpg"},"thumbnail":{"file":"sejour_participatif_a_banfora_-_tengrela_-150x150.jpg","width":150,"height":150,"mime-type":"image\/jpeg","source_url":"https:\/\/www.humantrip.fr\/wp-content\/uploads\/2020\/09\/sejour_participatif_a_banfora_-_tengrela_-150x150.jpg"},"gallery-home":{"file":"sejour_participatif_a_banfora_-_tengrela_-200x200.jpg","width":200,"height":200,"mime-type":"image\/jpeg","source_url":"https:\/\/www.humantrip.fr\/wp-content\/uploads\/2020\/09\/sejour_participatif_a_banfora_-_tengrela_-200x200.jpg"},"vignette-thumb":{"file":"sejour_participatif_a_banfora_-_tengrela_-367x300.jpg","width":367,"height":300,"mime-type":"image\/jpeg","source_url":"https:\/\/www.humantrip.fr\/wp-content\/uploads\/2020\/09\/sejour_participatif_a_banfora_-_tengrela_-367x300.jpg"}}},"alt_text":"","url":"","target":""},{"id":5459,"title":"3684 - S\u00e9jour participatif \u00e0 Banfora - 1","caption":"Image Upload\u00e9e automatiquement N\u00b0-1 du s\u00e9jour d'id N\u00b0-3684(nomm\u00e9 S\u00e9jour participatif \u00e0 Banfora)","full_image_url":"https:\/\/www.humantrip.fr\/wp-content\/uploads\/2020\/09\/sejour_participatif_a_banfora_-_jerome_-img_0389.jpg","thumbnail_image_url":"https:\/\/www.humantrip.fr\/wp-content\/uploads\/2020\/09\/sejour_participatif_a_banfora_-_jerome_-img_0389-150x150.jpg","large_srcset":"https:\/\/www.humantrip.fr\/wp-content\/uploads\/2020\/09\/sejour_participatif_a_banfora_-_jerome_-img_0389-1024x767.jpg 1024w, https:\/\/www.humantrip.fr\/wp-content\/uploads\/2020\/09\/sejour_participatif_a_banfora_-_jerome_-img_0389-300x225.jpg 300w, https:\/\/www.humantrip.fr\/wp-content\/uploads\/2020\/09\/sejour_participatif_a_banfora_-_jerome_-img_0389-768x575.jpg 768w, https:\/\/www.humantrip.fr\/wp-content\/uploads\/2020\/09\/sejour_participatif_a_banfora_-_jerome_-img_0389-1536x1151.jpg 1536w, https:\/\/www.humantrip.fr\/wp-content\/uploads\/2020\/09\/sejour_participatif_a_banfora_-_jerome_-img_0389-400x300.jpg 400w, https:\/\/www.humantrip.fr\/wp-content\/uploads\/2020\/09\/sejour_participatif_a_banfora_-_jerome_-img_0389-667x500.jpg 667w","medium_srcset":"https:\/\/www.humantrip.fr\/wp-content\/uploads\/2020\/09\/sejour_participatif_a_banfora_-_jerome_-img_0389-300x225.jpg 300w, https:\/\/www.humantrip.fr\/wp-content\/uploads\/2020\/09\/sejour_participatif_a_banfora_-_jerome_-img_0389-1024x767.jpg 1024w, https:\/\/www.humantrip.fr\/wp-content\/uploads\/2020\/09\/sejour_participatif_a_banfora_-_jerome_-img_0389-768x575.jpg 768w, https:\/\/www.humantrip.fr\/wp-content\/uploads\/2020\/09\/sejour_participatif_a_banfora_-_jerome_-img_0389-1536x1151.jpg 1536w, https:\/\/www.humantrip.fr\/wp-content\/uploads\/2020\/09\/sejour_participatif_a_banfora_-_jerome_-img_0389-400x300.jpg 400w, https:\/\/www.humantrip.fr\/wp-content\/uploads\/2020\/09\/sejour_participatif_a_banfora_-_jerome_-img_0389-667x500.jpg 667w","media_details":{"width":2049,"height":1535,"sizes":{"medium":{"file":"sejour_participatif_a_banfora_-_jerome_-img_0389-300x225.jpg","width":300,"height":225,"mime-type":"image\/jpeg","source_url":"https:\/\/www.humantrip.fr\/wp-content\/uploads\/2020\/09\/sejour_participatif_a_banfora_-_jerome_-img_0389-300x225.jpg"},"large":{"file":"sejour_participatif_a_banfora_-_jerome_-img_0389-1024x767.jpg","width":1024,"height":767,"mime-type":"image\/jpeg","source_url":"https:\/\/www.humantrip.fr\/wp-content\/uploads\/2020\/09\/sejour_participatif_a_banfora_-_jerome_-img_0389-1024x767.jpg"},"thumbnail":{"file":"sejour_participatif_a_banfora_-_jerome_-img_0389-150x150.jpg","width":150,"height":150,"mime-type":"image\/jpeg","source_url":"https:\/\/www.humantrip.fr\/wp-content\/uploads\/2020\/09\/sejour_participatif_a_banfora_-_jerome_-img_0389-150x150.jpg"},"medium_large":{"file":"sejour_participatif_a_banfora_-_jerome_-img_0389-768x575.jpg","width":768,"height":575,"mime-type":"image\/jpeg","source_url":"https:\/\/www.humantrip.fr\/wp-content\/uploads\/2020\/09\/sejour_participatif_a_banfora_-_jerome_-img_0389-768x575.jpg"},"1536x1536":{"file":"sejour_participatif_a_banfora_-_jerome_-img_0389-1536x1151.jpg","width":1536,"height":1151,"mime-type":"image\/jpeg","source_url":"https:\/\/www.humantrip.fr\/wp-content\/uploads\/2020\/09\/sejour_participatif_a_banfora_-_jerome_-img_0389-1536x1151.jpg"},"gallery-home":{"file":"sejour_participatif_a_banfora_-_jerome_-img_0389-200x200.jpg","width":200,"height":200,"mime-type":"image\/jpeg","source_url":"https:\/\/www.humantrip.fr\/wp-content\/uploads\/2020\/09\/sejour_participatif_a_banfora_-_jerome_-img_0389-200x200.jpg"},"vignette-thumb":{"file":"sejour_participatif_a_banfora_-_jerome_-img_0389-400x300.jpg","width":400,"height":300,"mime-type":"image\/jpeg","source_url":"https:\/\/www.humantrip.fr\/wp-content\/uploads\/2020\/09\/sejour_participatif_a_banfora_-_jerome_-img_0389-400x300.jpg"},"homepage-thumb":{"file":"sejour_participatif_a_banfora_-_jerome_-img_0389-667x500.jpg","width":667,"height":500,"mime-type":"image\/jpeg","source_url":"https:\/\/www.humantrip.fr\/wp-content\/uploads\/2020\/09\/sejour_participatif_a_banfora_-_jerome_-img_0389-667x500.jpg"}}},"alt_text":"","url":"","target":""},{"id":5460,"title":"3684 - S\u00e9jour participatif \u00e0 Banfora - 1","caption":"Image Upload\u00e9e automatiquement N\u00b0-1 du s\u00e9jour d'id N\u00b0-3684(nomm\u00e9 S\u00e9jour participatif \u00e0 Banfora)","full_image_url":"https:\/\/www.humantrip.fr\/wp-content\/uploads\/2020\/09\/sejour_participatif_a_banfora_-_jerome_-img_0437.jpg","thumbnail_image_url":"https:\/\/www.humantrip.fr\/wp-content\/uploads\/2020\/09\/sejour_participatif_a_banfora_-_jerome_-img_0437-150x150.jpg","large_srcset":"https:\/\/www.humantrip.fr\/wp-content\/uploads\/2020\/09\/sejour_participatif_a_banfora_-_jerome_-img_0437-768x1025.jpg 768w, https:\/\/www.humantrip.fr\/wp-content\/uploads\/2020\/09\/sejour_participatif_a_banfora_-_jerome_-img_0437-225x300.jpg 225w, https:\/\/www.humantrip.fr\/wp-content\/uploads\/2020\/09\/sejour_participatif_a_banfora_-_jerome_-img_0437-1151x1536.jpg 1151w, https:\/\/www.humantrip.fr\/wp-content\/uploads\/2020\/09\/sejour_participatif_a_banfora_-_jerome_-img_0437-375x500.jpg 375w, https:\/\/www.humantrip.fr\/wp-content\/uploads\/2020\/09\/sejour_participatif_a_banfora_-_jerome_-img_0437.jpg 1535w","medium_srcset":"https:\/\/www.humantrip.fr\/wp-content\/uploads\/2020\/09\/sejour_participatif_a_banfora_-_jerome_-img_0437-225x300.jpg 225w, https:\/\/www.humantrip.fr\/wp-content\/uploads\/2020\/09\/sejour_participatif_a_banfora_-_jerome_-img_0437-768x1025.jpg 768w, https:\/\/www.humantrip.fr\/wp-content\/uploads\/2020\/09\/sejour_participatif_a_banfora_-_jerome_-img_0437-1151x1536.jpg 1151w, https:\/\/www.humantrip.fr\/wp-content\/uploads\/2020\/09\/sejour_participatif_a_banfora_-_jerome_-img_0437-375x500.jpg 375w, https:\/\/www.humantrip.fr\/wp-content\/uploads\/2020\/09\/sejour_participatif_a_banfora_-_jerome_-img_0437.jpg 1535w","media_details":{"width":1535,"height":2048,"sizes":{"medium":{"file":"sejour_participatif_a_banfora_-_jerome_-img_0437-225x300.jpg","width":225,"height":300,"mime-type":"image\/jpeg","source_url":"https:\/\/www.humantrip.fr\/wp-content\/uploads\/2020\/09\/sejour_participatif_a_banfora_-_jerome_-img_0437-225x300.jpg"},"large":{"file":"sejour_participatif_a_banfora_-_jerome_-img_0437-768x1024.jpg","width":768,"height":1024,"mime-type":"image\/jpeg","source_url":"https:\/\/www.humantrip.fr\/wp-content\/uploads\/2020\/09\/sejour_participatif_a_banfora_-_jerome_-img_0437-768x1024.jpg"},"thumbnail":{"file":"sejour_participatif_a_banfora_-_jerome_-img_0437-150x150.jpg","width":150,"height":150,"mime-type":"image\/jpeg","source_url":"https:\/\/www.humantrip.fr\/wp-content\/uploads\/2020\/09\/sejour_participatif_a_banfora_-_jerome_-img_0437-150x150.jpg"},"medium_large":{"file":"sejour_participatif_a_banfora_-_jerome_-img_0437-768x1025.jpg","width":768,"height":1025,"mime-type":"image\/jpeg","source_url":"https:\/\/www.humantrip.fr\/wp-content\/uploads\/2020\/09\/sejour_participatif_a_banfora_-_jerome_-img_0437-768x1025.jpg"},"1536x1536":{"file":"sejour_participatif_a_banfora_-_jerome_-img_0437-1151x1536.jpg","width":1151,"height":1536,"mime-type":"image\/jpeg","source_url":"https:\/\/www.humantrip.fr\/wp-content\/uploads\/2020\/09\/sejour_participatif_a_banfora_-_jerome_-img_0437-1151x1536.jpg"},"gallery-home":{"file":"sejour_participatif_a_banfora_-_jerome_-img_0437-200x200.jpg","width":200,"height":200,"mime-type":"image\/jpeg","source_url":"https:\/\/www.humantrip.fr\/wp-content\/uploads\/2020\/09\/sejour_participatif_a_banfora_-_jerome_-img_0437-200x200.jpg"},"vignette-thumb":{"file":"sejour_participatif_a_banfora_-_jerome_-img_0437-225x300.jpg","width":225,"height":300,"mime-type":"image\/jpeg","source_url":"https:\/\/www.humantrip.fr\/wp-content\/uploads\/2020\/09\/sejour_participatif_a_banfora_-_jerome_-img_0437-225x300.jpg"},"homepage-thumb":{"file":"sejour_participatif_a_banfora_-_jerome_-img_0437-375x500.jpg","width":375,"height":500,"mime-type":"image\/jpeg","source_url":"https:\/\/www.humantrip.fr\/wp-content\/uploads\/2020\/09\/sejour_participatif_a_banfora_-_jerome_-img_0437-375x500.jpg"}}},"alt_text":"","url":"","target":""},{"id":5461,"title":"3684 - S\u00e9jour participatif \u00e0 Banfora - 1","caption":"Image Upload\u00e9e automatiquement N\u00b0-1 du s\u00e9jour d'id N\u00b0-3684(nomm\u00e9 S\u00e9jour participatif \u00e0 Banfora)","full_image_url":"https:\/\/www.humantrip.fr\/wp-content\/uploads\/2020\/09\/sejour_participatif_a_banfora_-_jerome_-img_0438.jpg","thumbnail_image_url":"https:\/\/www.humantrip.fr\/wp-content\/uploads\/2020\/09\/sejour_participatif_a_banfora_-_jerome_-img_0438-150x150.jpg","large_srcset":"https:\/\/www.humantrip.fr\/wp-content\/uploads\/2020\/09\/sejour_participatif_a_banfora_-_jerome_-img_0438-1024x768.jpg 1024w, https:\/\/www.humantrip.fr\/wp-content\/uploads\/2020\/09\/sejour_participatif_a_banfora_-_jerome_-img_0438-300x225.jpg 300w, https:\/\/www.humantrip.fr\/wp-content\/uploads\/2020\/09\/sejour_participatif_a_banfora_-_jerome_-img_0438-768x576.jpg 768w, https:\/\/www.humantrip.fr\/wp-content\/uploads\/2020\/09\/sejour_participatif_a_banfora_-_jerome_-img_0438-1536x1151.jpg 1536w, https:\/\/www.humantrip.fr\/wp-content\/uploads\/2020\/09\/sejour_participatif_a_banfora_-_jerome_-img_0438-400x300.jpg 400w, https:\/\/www.humantrip.fr\/wp-content\/uploads\/2020\/09\/sejour_participatif_a_banfora_-_jerome_-img_0438-667x500.jpg 667w, https:\/\/www.humantrip.fr\/wp-content\/uploads\/2020\/09\/sejour_participatif_a_banfora_-_jerome_-img_0438.jpg 2048w","medium_srcset":"https:\/\/www.humantrip.fr\/wp-content\/uploads\/2020\/09\/sejour_participatif_a_banfora_-_jerome_-img_0438-300x225.jpg 300w, https:\/\/www.humantrip.fr\/wp-content\/uploads\/2020\/09\/sejour_participatif_a_banfora_-_jerome_-img_0438-1024x768.jpg 1024w, https:\/\/www.humantrip.fr\/wp-content\/uploads\/2020\/09\/sejour_participatif_a_banfora_-_jerome_-img_0438-768x576.jpg 768w, https:\/\/www.humantrip.fr\/wp-content\/uploads\/2020\/09\/sejour_participatif_a_banfora_-_jerome_-img_0438-1536x1151.jpg 1536w, https:\/\/www.humantrip.fr\/wp-content\/uploads\/2020\/09\/sejour_participatif_a_banfora_-_jerome_-img_0438-400x300.jpg 400w, https:\/\/www.humantrip.fr\/wp-content\/uploads\/2020\/09\/sejour_participatif_a_banfora_-_jerome_-img_0438-667x500.jpg 667w, https:\/\/www.humantrip.fr\/wp-content\/uploads\/2020\/09\/sejour_participatif_a_banfora_-_jerome_-img_0438.jpg 2048w","media_details":{"width":2048,"height":1535,"sizes":{"medium":{"file":"sejour_participatif_a_banfora_-_jerome_-img_0438-300x225.jpg","width":300,"height":225,"mime-type":"image\/jpeg","source_url":"https:\/\/www.humantrip.fr\/wp-content\/uploads\/2020\/09\/sejour_participatif_a_banfora_-_jerome_-img_0438-300x225.jpg"},"large":{"file":"sejour_participatif_a_banfora_-_jerome_-img_0438-1024x768.jpg","width":1024,"height":768,"mime-type":"image\/jpeg","source_url":"https:\/\/www.humantrip.fr\/wp-content\/uploads\/2020\/09\/sejour_participatif_a_banfora_-_jerome_-img_0438-1024x768.jpg"},"thumbnail":{"file":"sejour_participatif_a_banfora_-_jerome_-img_0438-150x150.jpg","width":150,"height":150,"mime-type":"image\/jpeg","source_url":"https:\/\/www.humantrip.fr\/wp-content\/uploads\/2020\/09\/sejour_participatif_a_banfora_-_jerome_-img_0438-150x150.jpg"},"medium_large":{"file":"sejour_participatif_a_banfora_-_jerome_-img_0438-768x576.jpg","width":768,"height":576,"mime-type":"image\/jpeg","source_url":"https:\/\/www.humantrip.fr\/wp-content\/uploads\/2020\/09\/sejour_participatif_a_banfora_-_jerome_-img_0438-768x576.jpg"},"1536x1536":{"file":"sejour_participatif_a_banfora_-_jerome_-img_0438-1536x1151.jpg","width":1536,"height":1151,"mime-type":"image\/jpeg","source_url":"https:\/\/www.humantrip.fr\/wp-content\/uploads\/2020\/09\/sejour_participatif_a_banfora_-_jerome_-img_0438-1536x1151.jpg"},"gallery-home":{"file":"sejour_participatif_a_banfora_-_jerome_-img_0438-200x200.jpg","width":200,"height":200,"mime-type":"image\/jpeg","source_url":"https:\/\/www.humantrip.fr\/wp-content\/uploads\/2020\/09\/sejour_participatif_a_banfora_-_jerome_-img_0438-200x200.jpg"},"vignette-thumb":{"file":"sejour_participatif_a_banfora_-_jerome_-img_0438-400x300.jpg","width":400,"height":300,"mime-type":"image\/jpeg","source_url":"https:\/\/www.humantrip.fr\/wp-content\/uploads\/2020\/09\/sejour_participatif_a_banfora_-_jerome_-img_0438-400x300.jpg"},"homepage-thumb":{"file":"sejour_participatif_a_banfora_-_jerome_-img_0438-667x500.jpg","width":667,"height":500,"mime-type":"image\/jpeg","source_url":"https:\/\/www.humantrip.fr\/wp-content\/uploads\/2020\/09\/sejour_participatif_a_banfora_-_jerome_-img_0438-667x500.jpg"}}},"alt_text":"","url":"","target":""},{"id":5462,"title":"3684 - S\u00e9jour participatif \u00e0 Banfora - 1","caption":"Image Upload\u00e9e automatiquement N\u00b0-1 du s\u00e9jour d'id N\u00b0-3684(nomm\u00e9 S\u00e9jour participatif \u00e0 Banfora)","full_image_url":"https:\/\/www.humantrip.fr\/wp-content\/uploads\/2020\/09\/sejour_participatif_a_banfora_-_jerome_-img_0442.jpg","thumbnail_image_url":"https:\/\/www.humantrip.fr\/wp-content\/uploads\/2020\/09\/sejour_participatif_a_banfora_-_jerome_-img_0442-150x150.jpg","large_srcset":"https:\/\/www.humantrip.fr\/wp-content\/uploads\/2020\/09\/sejour_participatif_a_banfora_-_jerome_-img_0442-1024x1024.jpg 1024w, https:\/\/www.humantrip.fr\/wp-content\/uploads\/2020\/09\/sejour_participatif_a_banfora_-_jerome_-img_0442-300x300.jpg 300w, https:\/\/www.humantrip.fr\/wp-content\/uploads\/2020\/09\/sejour_participatif_a_banfora_-_jerome_-img_0442-150x150.jpg 150w, https:\/\/www.humantrip.fr\/wp-content\/uploads\/2020\/09\/sejour_participatif_a_banfora_-_jerome_-img_0442-768x768.jpg 768w, https:\/\/www.humantrip.fr\/wp-content\/uploads\/2020\/09\/sejour_participatif_a_banfora_-_jerome_-img_0442-1536x1536.jpg 1536w, https:\/\/www.humantrip.fr\/wp-content\/uploads\/2020\/09\/sejour_participatif_a_banfora_-_jerome_-img_0442-200x200.jpg 200w, https:\/\/www.humantrip.fr\/wp-content\/uploads\/2020\/09\/sejour_participatif_a_banfora_-_jerome_-img_0442-500x500.jpg 500w, https:\/\/www.humantrip.fr\/wp-content\/uploads\/2020\/09\/sejour_participatif_a_banfora_-_jerome_-img_0442.jpg 2047w","medium_srcset":"https:\/\/www.humantrip.fr\/wp-content\/uploads\/2020\/09\/sejour_participatif_a_banfora_-_jerome_-img_0442-300x300.jpg 300w, https:\/\/www.humantrip.fr\/wp-content\/uploads\/2020\/09\/sejour_participatif_a_banfora_-_jerome_-img_0442-1024x1024.jpg 1024w, https:\/\/www.humantrip.fr\/wp-content\/uploads\/2020\/09\/sejour_participatif_a_banfora_-_jerome_-img_0442-150x150.jpg 150w, https:\/\/www.humantrip.fr\/wp-content\/uploads\/2020\/09\/sejour_participatif_a_banfora_-_jerome_-img_0442-768x768.jpg 768w, https:\/\/www.humantrip.fr\/wp-content\/uploads\/2020\/09\/sejour_participatif_a_banfora_-_jerome_-img_0442-1536x1536.jpg 1536w, https:\/\/www.humantrip.fr\/wp-content\/uploads\/2020\/09\/sejour_participatif_a_banfora_-_jerome_-img_0442-200x200.jpg 200w, https:\/\/www.humantrip.fr\/wp-content\/uploads\/2020\/09\/sejour_participatif_a_banfora_-_jerome_-img_0442-500x500.jpg 500w, https:\/\/www.humantrip.fr\/wp-content\/uploads\/2020\/09\/sejour_participatif_a_banfora_-_jerome_-img_0442.jpg 2047w","media_details":{"width":2047,"height":2047,"sizes":{"medium":{"file":"sejour_participatif_a_banfora_-_jerome_-img_0442-300x300.jpg","width":300,"height":300,"mime-type":"image\/jpeg","source_url":"https:\/\/www.humantrip.fr\/wp-content\/uploads\/2020\/09\/sejour_participatif_a_banfora_-_jerome_-img_0442-300x300.jpg"},"large":{"file":"sejour_participatif_a_banfora_-_jerome_-img_0442-1024x1024.jpg","width":1024,"height":1024,"mime-type":"image\/jpeg","source_url":"https:\/\/www.humantrip.fr\/wp-content\/uploads\/2020\/09\/sejour_participatif_a_banfora_-_jerome_-img_0442-1024x1024.jpg"},"thumbnail":{"file":"sejour_participatif_a_banfora_-_jerome_-img_0442-150x150.jpg","width":150,"height":150,"mime-type":"image\/jpeg","source_url":"https:\/\/www.humantrip.fr\/wp-content\/uploads\/2020\/09\/sejour_participatif_a_banfora_-_jerome_-img_0442-150x150.jpg"},"medium_large":{"file":"sejour_participatif_a_banfora_-_jerome_-img_0442-768x768.jpg","width":768,"height":768,"mime-type":"image\/jpeg","source_url":"https:\/\/www.humantrip.fr\/wp-content\/uploads\/2020\/09\/sejour_participatif_a_banfora_-_jerome_-img_0442-768x768.jpg"},"1536x1536":{"file":"sejour_participatif_a_banfora_-_jerome_-img_0442-1536x1536.jpg","width":1536,"height":1536,"mime-type":"image\/jpeg","source_url":"https:\/\/www.humantrip.fr\/wp-content\/uploads\/2020\/09\/sejour_participatif_a_banfora_-_jerome_-img_0442-1536x1536.jpg"},"gallery-home":{"file":"sejour_participatif_a_banfora_-_jerome_-img_0442-200x200.jpg","width":200,"height":200,"mime-type":"image\/jpeg","source_url":"https:\/\/www.humantrip.fr\/wp-content\/uploads\/2020\/09\/sejour_participatif_a_banfora_-_jerome_-img_0442-200x200.jpg"},"vignette-thumb":{"file":"sejour_participatif_a_banfora_-_jerome_-img_0442-300x300.jpg","width":300,"height":300,"mime-type":"image\/jpeg","source_url":"https:\/\/www.humantrip.fr\/wp-content\/uploads\/2020\/09\/sejour_participatif_a_banfora_-_jerome_-img_0442-300x300.jpg"},"homepage-thumb":{"file":"sejour_participatif_a_banfora_-_jerome_-img_0442-500x500.jpg","width":500,"height":500,"mime-type":"image\/jpeg","source_url":"https:\/\/www.humantrip.fr\/wp-content\/uploads\/2020\/09\/sejour_participatif_a_banfora_-_jerome_-img_0442-500x500.jpg"}}},"alt_text":"","url":"","target":""},{"id":5463,"title":"3684 - S\u00e9jour participatif \u00e0 Banfora - 1","caption":"Image Upload\u00e9e automatiquement N\u00b0-1 du s\u00e9jour d'id N\u00b0-3684(nomm\u00e9 S\u00e9jour participatif \u00e0 Banfora)","full_image_url":"https:\/\/www.humantrip.fr\/wp-content\/uploads\/2020\/09\/sejour_participatif_a_banfora_-_jerome_-img_06836_enfants-scaled.jpg","thumbnail_image_url":"https:\/\/www.humantrip.fr\/wp-content\/uploads\/2020\/09\/sejour_participatif_a_banfora_-_jerome_-img_06836_enfants-150x150.jpg","large_srcset":"https:\/\/www.humantrip.fr\/wp-content\/uploads\/2020\/09\/sejour_participatif_a_banfora_-_jerome_-img_06836_enfants-769x1024.jpg 769w, https:\/\/www.humantrip.fr\/wp-content\/uploads\/2020\/09\/sejour_participatif_a_banfora_-_jerome_-img_06836_enfants-225x300.jpg 225w, https:\/\/www.humantrip.fr\/wp-content\/uploads\/2020\/09\/sejour_participatif_a_banfora_-_jerome_-img_06836_enfants-768x1022.jpg 768w, https:\/\/www.humantrip.fr\/wp-content\/uploads\/2020\/09\/sejour_participatif_a_banfora_-_jerome_-img_06836_enfants-1154x1536.jpg 1154w, https:\/\/www.humantrip.fr\/wp-content\/uploads\/2020\/09\/sejour_participatif_a_banfora_-_jerome_-img_06836_enfants-1539x2048.jpg 1539w, https:\/\/www.humantrip.fr\/wp-content\/uploads\/2020\/09\/sejour_participatif_a_banfora_-_jerome_-img_06836_enfants-376x500.jpg 376w, https:\/\/www.humantrip.fr\/wp-content\/uploads\/2020\/09\/sejour_participatif_a_banfora_-_jerome_-img_06836_enfants-scaled.jpg 1923w","medium_srcset":"https:\/\/www.humantrip.fr\/wp-content\/uploads\/2020\/09\/sejour_participatif_a_banfora_-_jerome_-img_06836_enfants-225x300.jpg 225w, https:\/\/www.humantrip.fr\/wp-content\/uploads\/2020\/09\/sejour_participatif_a_banfora_-_jerome_-img_06836_enfants-769x1024.jpg 769w, https:\/\/www.humantrip.fr\/wp-content\/uploads\/2020\/09\/sejour_participatif_a_banfora_-_jerome_-img_06836_enfants-768x1022.jpg 768w, https:\/\/www.humantrip.fr\/wp-content\/uploads\/2020\/09\/sejour_participatif_a_banfora_-_jerome_-img_06836_enfants-1154x1536.jpg 1154w, https:\/\/www.humantrip.fr\/wp-content\/uploads\/2020\/09\/sejour_participatif_a_banfora_-_jerome_-img_06836_enfants-1539x2048.jpg 1539w, https:\/\/www.humantrip.fr\/wp-content\/uploads\/2020\/09\/sejour_participatif_a_banfora_-_jerome_-img_06836_enfants-376x500.jpg 376w, https:\/\/www.humantrip.fr\/wp-content\/uploads\/2020\/09\/sejour_participatif_a_banfora_-_jerome_-img_06836_enfants-scaled.jpg 1923w","media_details":{"width":1923,"height":2560,"sizes":{"medium":{"file":"sejour_participatif_a_banfora_-_jerome_-img_06836_enfants-225x300.jpg","width":225,"height":300,"mime-type":"image\/jpeg","source_url":"https:\/\/www.humantrip.fr\/wp-content\/uploads\/2020\/09\/sejour_participatif_a_banfora_-_jerome_-img_06836_enfants-225x300.jpg"},"large":{"file":"sejour_participatif_a_banfora_-_jerome_-img_06836_enfants-769x1024.jpg","width":769,"height":1024,"mime-type":"image\/jpeg","source_url":"https:\/\/www.humantrip.fr\/wp-content\/uploads\/2020\/09\/sejour_participatif_a_banfora_-_jerome_-img_06836_enfants-769x1024.jpg"},"thumbnail":{"file":"sejour_participatif_a_banfora_-_jerome_-img_06836_enfants-150x150.jpg","width":150,"height":150,"mime-type":"image\/jpeg","source_url":"https:\/\/www.humantrip.fr\/wp-content\/uploads\/2020\/09\/sejour_participatif_a_banfora_-_jerome_-img_06836_enfants-150x150.jpg"},"medium_large":{"file":"sejour_participatif_a_banfora_-_jerome_-img_06836_enfants-768x1022.jpg","width":768,"height":1022,"mime-type":"image\/jpeg","source_url":"https:\/\/www.humantrip.fr\/wp-content\/uploads\/2020\/09\/sejour_participatif_a_banfora_-_jerome_-img_06836_enfants-768x1022.jpg"},"1536x1536":{"file":"sejour_participatif_a_banfora_-_jerome_-img_06836_enfants-1154x1536.jpg","width":1154,"height":1536,"mime-type":"image\/jpeg","source_url":"https:\/\/www.humantrip.fr\/wp-content\/uploads\/2020\/09\/sejour_participatif_a_banfora_-_jerome_-img_06836_enfants-1154x1536.jpg"},"2048x2048":{"file":"sejour_participatif_a_banfora_-_jerome_-img_06836_enfants-1539x2048.jpg","width":1539,"height":2048,"mime-type":"image\/jpeg","source_url":"https:\/\/www.humantrip.fr\/wp-content\/uploads\/2020\/09\/sejour_participatif_a_banfora_-_jerome_-img_06836_enfants-1539x2048.jpg"},"gallery-home":{"file":"sejour_participatif_a_banfora_-_jerome_-img_06836_enfants-200x200.jpg","width":200,"height":200,"mime-type":"image\/jpeg","source_url":"https:\/\/www.humantrip.fr\/wp-content\/uploads\/2020\/09\/sejour_participatif_a_banfora_-_jerome_-img_06836_enfants-200x200.jpg"},"vignette-thumb":{"file":"sejour_participatif_a_banfora_-_jerome_-img_06836_enfants-225x300.jpg","width":225,"height":300,"mime-type":"image\/jpeg","source_url":"https:\/\/www.humantrip.fr\/wp-content\/uploads\/2020\/09\/sejour_participatif_a_banfora_-_jerome_-img_06836_enfants-225x300.jpg"},"homepage-thumb":{"file":"sejour_participatif_a_banfora_-_jerome_-img_06836_enfants-376x500.jpg","width":376,"height":500,"mime-type":"image\/jpeg","source_url":"https:\/\/www.humantrip.fr\/wp-content\/uploads\/2020\/09\/sejour_participatif_a_banfora_-_jerome_-img_06836_enfants-376x500.jpg"}}},"alt_text":"","url":"","target":""},{"id":5464,"title":"3684 - S\u00e9jour participatif \u00e0 Banfora - 1","caption":"Image Upload\u00e9e automatiquement N\u00b0-1 du s\u00e9jour d'id N\u00b0-3684(nomm\u00e9 S\u00e9jour participatif \u00e0 Banfora)","full_image_url":"https:\/\/www.humantrip.fr\/wp-content\/uploads\/2020\/09\/sejour_participatif_a_banfora_-_jerome_-img_06942_cuisine-scaled.jpg","thumbnail_image_url":"https:\/\/www.humantrip.fr\/wp-content\/uploads\/2020\/09\/sejour_participatif_a_banfora_-_jerome_-img_06942_cuisine-150x150.jpg","large_srcset":"https:\/\/www.humantrip.fr\/wp-content\/uploads\/2020\/09\/sejour_participatif_a_banfora_-_jerome_-img_06942_cuisine-1024x768.jpg 1024w, https:\/\/www.humantrip.fr\/wp-content\/uploads\/2020\/09\/sejour_participatif_a_banfora_-_jerome_-img_06942_cuisine-300x225.jpg 300w, https:\/\/www.humantrip.fr\/wp-content\/uploads\/2020\/09\/sejour_participatif_a_banfora_-_jerome_-img_06942_cuisine-768x576.jpg 768w, https:\/\/www.humantrip.fr\/wp-content\/uploads\/2020\/09\/sejour_participatif_a_banfora_-_jerome_-img_06942_cuisine-1536x1152.jpg 1536w, https:\/\/www.humantrip.fr\/wp-content\/uploads\/2020\/09\/sejour_participatif_a_banfora_-_jerome_-img_06942_cuisine-scaled.jpg 2048w, https:\/\/www.humantrip.fr\/wp-content\/uploads\/2020\/09\/sejour_participatif_a_banfora_-_jerome_-img_06942_cuisine-400x300.jpg 400w, https:\/\/www.humantrip.fr\/wp-content\/uploads\/2020\/09\/sejour_participatif_a_banfora_-_jerome_-img_06942_cuisine-667x500.jpg 667w","medium_srcset":"https:\/\/www.humantrip.fr\/wp-content\/uploads\/2020\/09\/sejour_participatif_a_banfora_-_jerome_-img_06942_cuisine-300x225.jpg 300w, https:\/\/www.humantrip.fr\/wp-content\/uploads\/2020\/09\/sejour_participatif_a_banfora_-_jerome_-img_06942_cuisine-1024x768.jpg 1024w, https:\/\/www.humantrip.fr\/wp-content\/uploads\/2020\/09\/sejour_participatif_a_banfora_-_jerome_-img_06942_cuisine-768x576.jpg 768w, https:\/\/www.humantrip.fr\/wp-content\/uploads\/2020\/09\/sejour_participatif_a_banfora_-_jerome_-img_06942_cuisine-1536x1152.jpg 1536w, https:\/\/www.humantrip.fr\/wp-content\/uploads\/2020\/09\/sejour_participatif_a_banfora_-_jerome_-img_06942_cuisine-scaled.jpg 2048w, https:\/\/www.humantrip.fr\/wp-content\/uploads\/2020\/09\/sejour_participatif_a_banfora_-_jerome_-img_06942_cuisine-400x300.jpg 400w, https:\/\/www.humantrip.fr\/wp-content\/uploads\/2020\/09\/sejour_participatif_a_banfora_-_jerome_-img_06942_cuisine-667x500.jpg 667w","media_details":{"width":2048,"height":1536,"sizes":{"medium":{"file":"sejour_participatif_a_banfora_-_jerome_-img_06942_cuisine-300x225.jpg","width":300,"height":225,"mime-type":"image\/jpeg","source_url":"https:\/\/www.humantrip.fr\/wp-content\/uploads\/2020\/09\/sejour_participatif_a_banfora_-_jerome_-img_06942_cuisine-300x225.jpg"},"large":{"file":"sejour_participatif_a_banfora_-_jerome_-img_06942_cuisine-1024x768.jpg","width":1024,"height":768,"mime-type":"image\/jpeg","source_url":"https:\/\/www.humantrip.fr\/wp-content\/uploads\/2020\/09\/sejour_participatif_a_banfora_-_jerome_-img_06942_cuisine-1024x768.jpg"},"thumbnail":{"file":"sejour_participatif_a_banfora_-_jerome_-img_06942_cuisine-150x150.jpg","width":150,"height":150,"mime-type":"image\/jpeg","source_url":"https:\/\/www.humantrip.fr\/wp-content\/uploads\/2020\/09\/sejour_participatif_a_banfora_-_jerome_-img_06942_cuisine-150x150.jpg"},"medium_large":{"file":"sejour_participatif_a_banfora_-_jerome_-img_06942_cuisine-768x576.jpg","width":768,"height":576,"mime-type":"image\/jpeg","source_url":"https:\/\/www.humantrip.fr\/wp-content\/uploads\/2020\/09\/sejour_participatif_a_banfora_-_jerome_-img_06942_cuisine-768x576.jpg"},"1536x1536":{"file":"sejour_participatif_a_banfora_-_jerome_-img_06942_cuisine-1536x1152.jpg","width":1536,"height":1152,"mime-type":"image\/jpeg","source_url":"https:\/\/www.humantrip.fr\/wp-content\/uploads\/2020\/09\/sejour_participatif_a_banfora_-_jerome_-img_06942_cuisine-1536x1152.jpg"},"2048x2048":{"file":"sejour_participatif_a_banfora_-_jerome_-img_06942_cuisine-2048x1536.jpg","width":2048,"height":1536,"mime-type":"image\/jpeg","source_url":"https:\/\/www.humantrip.fr\/wp-content\/uploads\/2020\/09\/sejour_participatif_a_banfora_-_jerome_-img_06942_cuisine-2048x1536.jpg"},"gallery-home":{"file":"sejour_participatif_a_banfora_-_jerome_-img_06942_cuisine-200x200.jpg","width":200,"height":200,"mime-type":"image\/jpeg","source_url":"https:\/\/www.humantrip.fr\/wp-content\/uploads\/2020\/09\/sejour_participatif_a_banfora_-_jerome_-img_06942_cuisine-200x200.jpg"},"vignette-thumb":{"file":"sejour_participatif_a_banfora_-_jerome_-img_06942_cuisine-400x300.jpg","width":400,"height":300,"mime-type":"image\/jpeg","source_url":"https:\/\/www.humantrip.fr\/wp-content\/uploads\/2020\/09\/sejour_participatif_a_banfora_-_jerome_-img_06942_cuisine-400x300.jpg"},"homepage-thumb":{"file":"sejour_participatif_a_banfora_-_jerome_-img_06942_cuisine-667x500.jpg","width":667,"height":500,"mime-type":"image\/jpeg","source_url":"https:\/\/www.humantrip.fr\/wp-content\/uploads\/2020\/09\/sejour_participatif_a_banfora_-_jerome_-img_06942_cuisine-667x500.jpg"}}},"alt_text":"","url":"","target":""},{"id":5465,"title":"3684 - S\u00e9jour participatif \u00e0 Banfora - 1","caption":"Image Upload\u00e9e automatiquement N\u00b0-1 du s\u00e9jour d'id N\u00b0-3684(nomm\u00e9 S\u00e9jour participatif \u00e0 Banfora)","full_image_url":"https:\/\/www.humantrip.fr\/wp-content\/uploads\/2020\/09\/sejour_participatif_a_banfora_-_jerome_-img_07212_vannerie-scaled.jpg","thumbnail_image_url":"https:\/\/www.humantrip.fr\/wp-content\/uploads\/2020\/09\/sejour_participatif_a_banfora_-_jerome_-img_07212_vannerie-150x150.jpg","large_srcset":"https:\/\/www.humantrip.fr\/wp-content\/uploads\/2020\/09\/sejour_participatif_a_banfora_-_jerome_-img_07212_vannerie-768x1024.jpg 768w, https:\/\/www.humantrip.fr\/wp-content\/uploads\/2020\/09\/sejour_participatif_a_banfora_-_jerome_-img_07212_vannerie-225x300.jpg 225w, https:\/\/www.humantrip.fr\/wp-content\/uploads\/2020\/09\/sejour_participatif_a_banfora_-_jerome_-img_07212_vannerie-1152x1536.jpg 1152w, https:\/\/www.humantrip.fr\/wp-content\/uploads\/2020\/09\/sejour_participatif_a_banfora_-_jerome_-img_07212_vannerie-1536x2048.jpg 1536w, https:\/\/www.humantrip.fr\/wp-content\/uploads\/2020\/09\/sejour_participatif_a_banfora_-_jerome_-img_07212_vannerie-375x500.jpg 375w, https:\/\/www.humantrip.fr\/wp-content\/uploads\/2020\/09\/sejour_participatif_a_banfora_-_jerome_-img_07212_vannerie-scaled.jpg 1920w","medium_srcset":"https:\/\/www.humantrip.fr\/wp-content\/uploads\/2020\/09\/sejour_participatif_a_banfora_-_jerome_-img_07212_vannerie-225x300.jpg 225w, https:\/\/www.humantrip.fr\/wp-content\/uploads\/2020\/09\/sejour_participatif_a_banfora_-_jerome_-img_07212_vannerie-768x1024.jpg 768w, https:\/\/www.humantrip.fr\/wp-content\/uploads\/2020\/09\/sejour_participatif_a_banfora_-_jerome_-img_07212_vannerie-1152x1536.jpg 1152w, https:\/\/www.humantrip.fr\/wp-content\/uploads\/2020\/09\/sejour_participatif_a_banfora_-_jerome_-img_07212_vannerie-1536x2048.jpg 1536w, https:\/\/www.humantrip.fr\/wp-content\/uploads\/2020\/09\/sejour_participatif_a_banfora_-_jerome_-img_07212_vannerie-375x500.jpg 375w, https:\/\/www.humantrip.fr\/wp-content\/uploads\/2020\/09\/sejour_participatif_a_banfora_-_jerome_-img_07212_vannerie-scaled.jpg 1920w","media_details":{"width":1920,"height":2560,"sizes":{"medium":{"file":"sejour_participatif_a_banfora_-_jerome_-img_07212_vannerie-225x300.jpg","width":225,"height":300,"mime-type":"image\/jpeg","source_url":"https:\/\/www.humantrip.fr\/wp-content\/uploads\/2020\/09\/sejour_participatif_a_banfora_-_jerome_-img_07212_vannerie-225x300.jpg"},"large":{"file":"sejour_participatif_a_banfora_-_jerome_-img_07212_vannerie-768x1024.jpg","width":768,"height":1024,"mime-type":"image\/jpeg","source_url":"https:\/\/www.humantrip.fr\/wp-content\/uploads\/2020\/09\/sejour_participatif_a_banfora_-_jerome_-img_07212_vannerie-768x1024.jpg"},"thumbnail":{"file":"sejour_participatif_a_banfora_-_jerome_-img_07212_vannerie-150x150.jpg","width":150,"height":150,"mime-type":"image\/jpeg","source_url":"https:\/\/www.humantrip.fr\/wp-content\/uploads\/2020\/09\/sejour_participatif_a_banfora_-_jerome_-img_07212_vannerie-150x150.jpg"},"medium_large":{"file":"sejour_participatif_a_banfora_-_jerome_-img_07212_vannerie-768x1024.jpg","width":768,"height":1024,"mime-type":"image\/jpeg","source_url":"https:\/\/www.humantrip.fr\/wp-content\/uploads\/2020\/09\/sejour_participatif_a_banfora_-_jerome_-img_07212_vannerie-768x1024.jpg"},"1536x1536":{"file":"sejour_participatif_a_banfora_-_jerome_-img_07212_vannerie-1152x1536.jpg","width":1152,"height":1536,"mime-type":"image\/jpeg","source_url":"https:\/\/www.humantrip.fr\/wp-content\/uploads\/2020\/09\/sejour_participatif_a_banfora_-_jerome_-img_07212_vannerie-1152x1536.jpg"},"2048x2048":{"file":"sejour_participatif_a_banfora_-_jerome_-img_07212_vannerie-1536x2048.jpg","width":1536,"height":2048,"mime-type":"image\/jpeg","source_url":"https:\/\/www.humantrip.fr\/wp-content\/uploads\/2020\/09\/sejour_participatif_a_banfora_-_jerome_-img_07212_vannerie-1536x2048.jpg"},"gallery-home":{"file":"sejour_participatif_a_banfora_-_jerome_-img_07212_vannerie-200x200.jpg","width":200,"height":200,"mime-type":"image\/jpeg","source_url":"https:\/\/www.humantrip.fr\/wp-content\/uploads\/2020\/09\/sejour_participatif_a_banfora_-_jerome_-img_07212_vannerie-200x200.jpg"},"vignette-thumb":{"file":"sejour_participatif_a_banfora_-_jerome_-img_07212_vannerie-225x300.jpg","width":225,"height":300,"mime-type":"image\/jpeg","source_url":"https:\/\/www.humantrip.fr\/wp-content\/uploads\/2020\/09\/sejour_participatif_a_banfora_-_jerome_-img_07212_vannerie-225x300.jpg"},"homepage-thumb":{"file":"sejour_participatif_a_banfora_-_jerome_-img_07212_vannerie-375x500.jpg","width":375,"height":500,"mime-type":"image\/jpeg","source_url":"https:\/\/www.humantrip.fr\/wp-content\/uploads\/2020\/09\/sejour_participatif_a_banfora_-_jerome_-img_07212_vannerie-375x500.jpg"}}},"alt_text":"","url":"","target":""},{"id":5466,"title":"3684 - S\u00e9jour participatif \u00e0 Banfora - 1","caption":"Image Upload\u00e9e automatiquement N\u00b0-1 du s\u00e9jour d'id N\u00b0-3684(nomm\u00e9 S\u00e9jour participatif \u00e0 Banfora)","full_image_url":"https:\/\/www.humantrip.fr\/wp-content\/uploads\/2020\/09\/sejour_participatif_a_banfora_-_jerome_-img_07264_paysages-scaled.jpg","thumbnail_image_url":"https:\/\/www.humantrip.fr\/wp-content\/uploads\/2020\/09\/sejour_participatif_a_banfora_-_jerome_-img_07264_paysages-150x150.jpg","large_srcset":"https:\/\/www.humantrip.fr\/wp-content\/uploads\/2020\/09\/sejour_participatif_a_banfora_-_jerome_-img_07264_paysages-1024x768.jpg 1024w, https:\/\/www.humantrip.fr\/wp-content\/uploads\/2020\/09\/sejour_participatif_a_banfora_-_jerome_-img_07264_paysages-300x225.jpg 300w, https:\/\/www.humantrip.fr\/wp-content\/uploads\/2020\/09\/sejour_participatif_a_banfora_-_jerome_-img_07264_paysages-768x576.jpg 768w, https:\/\/www.humantrip.fr\/wp-content\/uploads\/2020\/09\/sejour_participatif_a_banfora_-_jerome_-img_07264_paysages-1536x1152.jpg 1536w, https:\/\/www.humantrip.fr\/wp-content\/uploads\/2020\/09\/sejour_participatif_a_banfora_-_jerome_-img_07264_paysages-scaled.jpg 2048w, https:\/\/www.humantrip.fr\/wp-content\/uploads\/2020\/09\/sejour_participatif_a_banfora_-_jerome_-img_07264_paysages-400x300.jpg 400w, https:\/\/www.humantrip.fr\/wp-content\/uploads\/2020\/09\/sejour_participatif_a_banfora_-_jerome_-img_07264_paysages-667x500.jpg 667w","medium_srcset":"https:\/\/www.humantrip.fr\/wp-content\/uploads\/2020\/09\/sejour_participatif_a_banfora_-_jerome_-img_07264_paysages-300x225.jpg 300w, https:\/\/www.humantrip.fr\/wp-content\/uploads\/2020\/09\/sejour_participatif_a_banfora_-_jerome_-img_07264_paysages-1024x768.jpg 1024w, https:\/\/www.humantrip.fr\/wp-content\/uploads\/2020\/09\/sejour_participatif_a_banfora_-_jerome_-img_07264_paysages-768x576.jpg 768w, https:\/\/www.humantrip.fr\/wp-content\/uploads\/2020\/09\/sejour_participatif_a_banfora_-_jerome_-img_07264_paysages-1536x1152.jpg 1536w, https:\/\/www.humantrip.fr\/wp-content\/uploads\/2020\/09\/sejour_participatif_a_banfora_-_jerome_-img_07264_paysages-scaled.jpg 2048w, https:\/\/www.humantrip.fr\/wp-content\/uploads\/2020\/09\/sejour_participatif_a_banfora_-_jerome_-img_07264_paysages-400x300.jpg 400w, https:\/\/www.humantrip.fr\/wp-content\/uploads\/2020\/09\/sejour_participatif_a_banfora_-_jerome_-img_07264_paysages-667x500.jpg 667w","media_details":{"width":2048,"height":1536,"sizes":{"medium":{"file":"sejour_participatif_a_banfora_-_jerome_-img_07264_paysages-300x225.jpg","width":300,"height":225,"mime-type":"image\/jpeg","source_url":"https:\/\/www.humantrip.fr\/wp-content\/uploads\/2020\/09\/sejour_participatif_a_banfora_-_jerome_-img_07264_paysages-300x225.jpg"},"large":{"file":"sejour_participatif_a_banfora_-_jerome_-img_07264_paysages-1024x768.jpg","width":1024,"height":768,"mime-type":"image\/jpeg","source_url":"https:\/\/www.humantrip.fr\/wp-content\/uploads\/2020\/09\/sejour_participatif_a_banfora_-_jerome_-img_07264_paysages-1024x768.jpg"},"thumbnail":{"file":"sejour_participatif_a_banfora_-_jerome_-img_07264_paysages-150x150.jpg","width":150,"height":150,"mime-type":"image\/jpeg","source_url":"https:\/\/www.humantrip.fr\/wp-content\/uploads\/2020\/09\/sejour_participatif_a_banfora_-_jerome_-img_07264_paysages-150x150.jpg"},"medium_large":{"file":"sejour_participatif_a_banfora_-_jerome_-img_07264_paysages-768x576.jpg","width":768,"height":576,"mime-type":"image\/jpeg","source_url":"https:\/\/www.humantrip.fr\/wp-content\/uploads\/2020\/09\/sejour_participatif_a_banfora_-_jerome_-img_07264_paysages-768x576.jpg"},"1536x1536":{"file":"sejour_participatif_a_banfora_-_jerome_-img_07264_paysages-1536x1152.jpg","width":1536,"height":1152,"mime-type":"image\/jpeg","source_url":"https:\/\/www.humantrip.fr\/wp-content\/uploads\/2020\/09\/sejour_participatif_a_banfora_-_jerome_-img_07264_paysages-1536x1152.jpg"},"2048x2048":{"file":"sejour_participatif_a_banfora_-_jerome_-img_07264_paysages-2048x1536.jpg","width":2048,"height":1536,"mime-type":"image\/jpeg","source_url":"https:\/\/www.humantrip.fr\/wp-content\/uploads\/2020\/09\/sejour_participatif_a_banfora_-_jerome_-img_07264_paysages-2048x1536.jpg"},"gallery-home":{"file":"sejour_participatif_a_banfora_-_jerome_-img_07264_paysages-200x200.jpg","width":200,"height":200,"mime-type":"image\/jpeg","source_url":"https:\/\/www.humantrip.fr\/wp-content\/uploads\/2020\/09\/sejour_participatif_a_banfora_-_jerome_-img_07264_paysages-200x200.jpg"},"vignette-thumb":{"file":"sejour_participatif_a_banfora_-_jerome_-img_07264_paysages-400x300.jpg","width":400,"height":300,"mime-type":"image\/jpeg","source_url":"https:\/\/www.humantrip.fr\/wp-content\/uploads\/2020\/09\/sejour_participatif_a_banfora_-_jerome_-img_07264_paysages-400x300.jpg"},"homepage-thumb":{"file":"sejour_participatif_a_banfora_-_jerome_-img_07264_paysages-667x500.jpg","width":667,"height":500,"mime-type":"image\/jpeg","source_url":"https:\/\/www.humantrip.fr\/wp-content\/uploads\/2020\/09\/sejour_participatif_a_banfora_-_jerome_-img_07264_paysages-667x500.jpg"}}},"alt_text":"","url":"","target":""},{"id":5467,"title":"3684 - S\u00e9jour participatif \u00e0 Banfora - 1","caption":"Image Upload\u00e9e automatiquement N\u00b0-1 du s\u00e9jour d'id N\u00b0-3684(nomm\u00e9 S\u00e9jour participatif \u00e0 Banfora)","full_image_url":"https:\/\/www.humantrip.fr\/wp-content\/uploads\/2020\/09\/sejour_participatif_a_banfora_-_jerome_-img_07340_cascades-scaled.jpg","thumbnail_image_url":"https:\/\/www.humantrip.fr\/wp-content\/uploads\/2020\/09\/sejour_participatif_a_banfora_-_jerome_-img_07340_cascades-150x150.jpg","large_srcset":"https:\/\/www.humantrip.fr\/wp-content\/uploads\/2020\/09\/sejour_participatif_a_banfora_-_jerome_-img_07340_cascades-1024x768.jpg 1024w, https:\/\/www.humantrip.fr\/wp-content\/uploads\/2020\/09\/sejour_participatif_a_banfora_-_jerome_-img_07340_cascades-300x225.jpg 300w, https:\/\/www.humantrip.fr\/wp-content\/uploads\/2020\/09\/sejour_participatif_a_banfora_-_jerome_-img_07340_cascades-768x576.jpg 768w, https:\/\/www.humantrip.fr\/wp-content\/uploads\/2020\/09\/sejour_participatif_a_banfora_-_jerome_-img_07340_cascades-1536x1152.jpg 1536w, https:\/\/www.humantrip.fr\/wp-content\/uploads\/2020\/09\/sejour_participatif_a_banfora_-_jerome_-img_07340_cascades-scaled.jpg 2048w, https:\/\/www.humantrip.fr\/wp-content\/uploads\/2020\/09\/sejour_participatif_a_banfora_-_jerome_-img_07340_cascades-400x300.jpg 400w, https:\/\/www.humantrip.fr\/wp-content\/uploads\/2020\/09\/sejour_participatif_a_banfora_-_jerome_-img_07340_cascades-667x500.jpg 667w","medium_srcset":"https:\/\/www.humantrip.fr\/wp-content\/uploads\/2020\/09\/sejour_participatif_a_banfora_-_jerome_-img_07340_cascades-300x225.jpg 300w, https:\/\/www.humantrip.fr\/wp-content\/uploads\/2020\/09\/sejour_participatif_a_banfora_-_jerome_-img_07340_cascades-1024x768.jpg 1024w, https:\/\/www.humantrip.fr\/wp-content\/uploads\/2020\/09\/sejour_participatif_a_banfora_-_jerome_-img_07340_cascades-768x576.jpg 768w, https:\/\/www.humantrip.fr\/wp-content\/uploads\/2020\/09\/sejour_participatif_a_banfora_-_jerome_-img_07340_cascades-1536x1152.jpg 1536w, https:\/\/www.humantrip.fr\/wp-content\/uploads\/2020\/09\/sejour_participatif_a_banfora_-_jerome_-img_07340_cascades-scaled.jpg 2048w, https:\/\/www.humantrip.fr\/wp-content\/uploads\/2020\/09\/sejour_participatif_a_banfora_-_jerome_-img_07340_cascades-400x300.jpg 400w, https:\/\/www.humantrip.fr\/wp-content\/uploads\/2020\/09\/sejour_participatif_a_banfora_-_jerome_-img_07340_cascades-667x500.jpg 667w","media_details":{"width":2048,"height":1536,"sizes":{"medium":{"file":"sejour_participatif_a_banfora_-_jerome_-img_07340_cascades-300x225.jpg","width":300,"height":225,"mime-type":"image\/jpeg","source_url":"https:\/\/www.humantrip.fr\/wp-content\/uploads\/2020\/09\/sejour_participatif_a_banfora_-_jerome_-img_07340_cascades-300x225.jpg"},"large":{"file":"sejour_participatif_a_banfora_-_jerome_-img_07340_cascades-1024x768.jpg","width":1024,"height":768,"mime-type":"image\/jpeg","source_url":"https:\/\/www.humantrip.fr\/wp-content\/uploads\/2020\/09\/sejour_participatif_a_banfora_-_jerome_-img_07340_cascades-1024x768.jpg"},"thumbnail":{"file":"sejour_participatif_a_banfora_-_jerome_-img_07340_cascades-150x150.jpg","width":150,"height":150,"mime-type":"image\/jpeg","source_url":"https:\/\/www.humantrip.fr\/wp-content\/uploads\/2020\/09\/sejour_participatif_a_banfora_-_jerome_-img_07340_cascades-150x150.jpg"},"medium_large":{"file":"sejour_participatif_a_banfora_-_jerome_-img_07340_cascades-768x576.jpg","width":768,"height":576,"mime-type":"image\/jpeg","source_url":"https:\/\/www.humantrip.fr\/wp-content\/uploads\/2020\/09\/sejour_participatif_a_banfora_-_jerome_-img_07340_cascades-768x576.jpg"},"1536x1536":{"file":"sejour_participatif_a_banfora_-_jerome_-img_07340_cascades-1536x1152.jpg","width":1536,"height":1152,"mime-type":"image\/jpeg","source_url":"https:\/\/www.humantrip.fr\/wp-content\/uploads\/2020\/09\/sejour_participatif_a_banfora_-_jerome_-img_07340_cascades-1536x1152.jpg"},"2048x2048":{"file":"sejour_participatif_a_banfora_-_jerome_-img_07340_cascades-2048x1536.jpg","width":2048,"height":1536,"mime-type":"image\/jpeg","source_url":"https:\/\/www.humantrip.fr\/wp-content\/uploads\/2020\/09\/sejour_participatif_a_banfora_-_jerome_-img_07340_cascades-2048x1536.jpg"},"gallery-home":{"file":"sejour_participatif_a_banfora_-_jerome_-img_07340_cascades-200x200.jpg","width":200,"height":200,"mime-type":"image\/jpeg","source_url":"https:\/\/www.humantrip.fr\/wp-content\/uploads\/2020\/09\/sejour_participatif_a_banfora_-_jerome_-img_07340_cascades-200x200.jpg"},"vignette-thumb":{"file":"sejour_participatif_a_banfora_-_jerome_-img_07340_cascades-400x300.jpg","width":400,"height":300,"mime-type":"image\/jpeg","source_url":"https:\/\/www.humantrip.fr\/wp-content\/uploads\/2020\/09\/sejour_participatif_a_banfora_-_jerome_-img_07340_cascades-400x300.jpg"},"homepage-thumb":{"file":"sejour_participatif_a_banfora_-_jerome_-img_07340_cascades-667x500.jpg","width":667,"height":500,"mime-type":"image\/jpeg","source_url":"https:\/\/www.humantrip.fr\/wp-content\/uploads\/2020\/09\/sejour_participatif_a_banfora_-_jerome_-img_07340_cascades-667x500.jpg"}}},"alt_text":"","url":"","target":""},{"id":5468,"title":"3684 - S\u00e9jour participatif \u00e0 Banfora - 1","caption":"Image Upload\u00e9e automatiquement N\u00b0-1 du s\u00e9jour d'id N\u00b0-3684(nomm\u00e9 S\u00e9jour participatif \u00e0 Banfora)","full_image_url":"https:\/\/www.humantrip.fr\/wp-content\/uploads\/2020\/09\/sejour_participatif_a_banfora_-_jerome_-img_07441_paysages-scaled.jpg","thumbnail_image_url":"https:\/\/www.humantrip.fr\/wp-content\/uploads\/2020\/09\/sejour_participatif_a_banfora_-_jerome_-img_07441_paysages-150x150.jpg","large_srcset":"https:\/\/www.humantrip.fr\/wp-content\/uploads\/2020\/09\/sejour_participatif_a_banfora_-_jerome_-img_07441_paysages-1024x768.jpg 1024w, https:\/\/www.humantrip.fr\/wp-content\/uploads\/2020\/09\/sejour_participatif_a_banfora_-_jerome_-img_07441_paysages-300x225.jpg 300w, https:\/\/www.humantrip.fr\/wp-content\/uploads\/2020\/09\/sejour_participatif_a_banfora_-_jerome_-img_07441_paysages-768x576.jpg 768w, https:\/\/www.humantrip.fr\/wp-content\/uploads\/2020\/09\/sejour_participatif_a_banfora_-_jerome_-img_07441_paysages-1536x1152.jpg 1536w, https:\/\/www.humantrip.fr\/wp-content\/uploads\/2020\/09\/sejour_participatif_a_banfora_-_jerome_-img_07441_paysages-scaled.jpg 2048w, https:\/\/www.humantrip.fr\/wp-content\/uploads\/2020\/09\/sejour_participatif_a_banfora_-_jerome_-img_07441_paysages-400x300.jpg 400w, https:\/\/www.humantrip.fr\/wp-content\/uploads\/2020\/09\/sejour_participatif_a_banfora_-_jerome_-img_07441_paysages-667x500.jpg 667w","medium_srcset":"https:\/\/www.humantrip.fr\/wp-content\/uploads\/2020\/09\/sejour_participatif_a_banfora_-_jerome_-img_07441_paysages-300x225.jpg 300w, https:\/\/www.humantrip.fr\/wp-content\/uploads\/2020\/09\/sejour_participatif_a_banfora_-_jerome_-img_07441_paysages-1024x768.jpg 1024w, https:\/\/www.humantrip.fr\/wp-content\/uploads\/2020\/09\/sejour_participatif_a_banfora_-_jerome_-img_07441_paysages-768x576.jpg 768w, https:\/\/www.humantrip.fr\/wp-content\/uploads\/2020\/09\/sejour_participatif_a_banfora_-_jerome_-img_07441_paysages-1536x1152.jpg 1536w, https:\/\/www.humantrip.fr\/wp-content\/uploads\/2020\/09\/sejour_participatif_a_banfora_-_jerome_-img_07441_paysages-scaled.jpg 2048w, https:\/\/www.humantrip.fr\/wp-content\/uploads\/2020\/09\/sejour_participatif_a_banfora_-_jerome_-img_07441_paysages-400x300.jpg 400w, https:\/\/www.humantrip.fr\/wp-content\/uploads\/2020\/09\/sejour_participatif_a_banfora_-_jerome_-img_07441_paysages-667x500.jpg 667w","media_details":{"width":2048,"height":1536,"sizes":{"medium":{"file":"sejour_participatif_a_banfora_-_jerome_-img_07441_paysages-300x225.jpg","width":300,"height":225,"mime-type":"image\/jpeg","source_url":"https:\/\/www.humantrip.fr\/wp-content\/uploads\/2020\/09\/sejour_participatif_a_banfora_-_jerome_-img_07441_paysages-300x225.jpg"},"large":{"file":"sejour_participatif_a_banfora_-_jerome_-img_07441_paysages-1024x768.jpg","width":1024,"height":768,"mime-type":"image\/jpeg","source_url":"https:\/\/www.humantrip.fr\/wp-content\/uploads\/2020\/09\/sejour_participatif_a_banfora_-_jerome_-img_07441_paysages-1024x768.jpg"},"thumbnail":{"file":"sejour_participatif_a_banfora_-_jerome_-img_07441_paysages-150x150.jpg","width":150,"height":150,"mime-type":"image\/jpeg","source_url":"https:\/\/www.humantrip.fr\/wp-content\/uploads\/2020\/09\/sejour_participatif_a_banfora_-_jerome_-img_07441_paysages-150x150.jpg"},"medium_large":{"file":"sejour_participatif_a_banfora_-_jerome_-img_07441_paysages-768x576.jpg","width":768,"height":576,"mime-type":"image\/jpeg","source_url":"https:\/\/www.humantrip.fr\/wp-content\/uploads\/2020\/09\/sejour_participatif_a_banfora_-_jerome_-img_07441_paysages-768x576.jpg"},"1536x1536":{"file":"sejour_participatif_a_banfora_-_jerome_-img_07441_paysages-1536x1152.jpg","width":1536,"height":1152,"mime-type":"image\/jpeg","source_url":"https:\/\/www.humantrip.fr\/wp-content\/uploads\/2020\/09\/sejour_participatif_a_banfora_-_jerome_-img_07441_paysages-1536x1152.jpg"},"2048x2048":{"file":"sejour_participatif_a_banfora_-_jerome_-img_07441_paysages-2048x1536.jpg","width":2048,"height":1536,"mime-type":"image\/jpeg","source_url":"https:\/\/www.humantrip.fr\/wp-content\/uploads\/2020\/09\/sejour_participatif_a_banfora_-_jerome_-img_07441_paysages-2048x1536.jpg"},"gallery-home":{"file":"sejour_participatif_a_banfora_-_jerome_-img_07441_paysages-200x200.jpg","width":200,"height":200,"mime-type":"image\/jpeg","source_url":"https:\/\/www.humantrip.fr\/wp-content\/uploads\/2020\/09\/sejour_participatif_a_banfora_-_jerome_-img_07441_paysages-200x200.jpg"},"vignette-thumb":{"file":"sejour_participatif_a_banfora_-_jerome_-img_07441_paysages-400x300.jpg","width":400,"height":300,"mime-type":"image\/jpeg","source_url":"https:\/\/www.humantrip.fr\/wp-content\/uploads\/2020\/09\/sejour_participatif_a_banfora_-_jerome_-img_07441_paysages-400x300.jpg"},"homepage-thumb":{"file":"sejour_participatif_a_banfora_-_jerome_-img_07441_paysages-667x500.jpg","width":667,"height":500,"mime-type":"image\/jpeg","source_url":"https:\/\/www.humantrip.fr\/wp-content\/uploads\/2020\/09\/sejour_participatif_a_banfora_-_jerome_-img_07441_paysages-667x500.jpg"}}},"alt_text":"","url":"","target":""},{"id":5469,"title":"3684 - S\u00e9jour participatif \u00e0 Banfora - 1","caption":"Image Upload\u00e9e automatiquement N\u00b0-1 du s\u00e9jour d'id N\u00b0-3684(nomm\u00e9 S\u00e9jour participatif \u00e0 Banfora)","full_image_url":"https:\/\/www.humantrip.fr\/wp-content\/uploads\/2020\/09\/sejour_participatif_a_banfora_-_jerome_-img_07692_village-scaled.jpg","thumbnail_image_url":"https:\/\/www.humantrip.fr\/wp-content\/uploads\/2020\/09\/sejour_participatif_a_banfora_-_jerome_-img_07692_village-150x150.jpg","large_srcset":"https:\/\/www.humantrip.fr\/wp-content\/uploads\/2020\/09\/sejour_participatif_a_banfora_-_jerome_-img_07692_village-768x1024.jpg 768w, https:\/\/www.humantrip.fr\/wp-content\/uploads\/2020\/09\/sejour_participatif_a_banfora_-_jerome_-img_07692_village-225x300.jpg 225w, https:\/\/www.humantrip.fr\/wp-content\/uploads\/2020\/09\/sejour_participatif_a_banfora_-_jerome_-img_07692_village-1152x1536.jpg 1152w, https:\/\/www.humantrip.fr\/wp-content\/uploads\/2020\/09\/sejour_participatif_a_banfora_-_jerome_-img_07692_village-1536x2048.jpg 1536w, https:\/\/www.humantrip.fr\/wp-content\/uploads\/2020\/09\/sejour_participatif_a_banfora_-_jerome_-img_07692_village-375x500.jpg 375w, https:\/\/www.humantrip.fr\/wp-content\/uploads\/2020\/09\/sejour_participatif_a_banfora_-_jerome_-img_07692_village-scaled.jpg 1920w","medium_srcset":"https:\/\/www.humantrip.fr\/wp-content\/uploads\/2020\/09\/sejour_participatif_a_banfora_-_jerome_-img_07692_village-225x300.jpg 225w, https:\/\/www.humantrip.fr\/wp-content\/uploads\/2020\/09\/sejour_participatif_a_banfora_-_jerome_-img_07692_village-768x1024.jpg 768w, https:\/\/www.humantrip.fr\/wp-content\/uploads\/2020\/09\/sejour_participatif_a_banfora_-_jerome_-img_07692_village-1152x1536.jpg 1152w, https:\/\/www.humantrip.fr\/wp-content\/uploads\/2020\/09\/sejour_participatif_a_banfora_-_jerome_-img_07692_village-1536x2048.jpg 1536w, https:\/\/www.humantrip.fr\/wp-content\/uploads\/2020\/09\/sejour_participatif_a_banfora_-_jerome_-img_07692_village-375x500.jpg 375w, https:\/\/www.humantrip.fr\/wp-content\/uploads\/2020\/09\/sejour_participatif_a_banfora_-_jerome_-img_07692_village-scaled.jpg 1920w","media_details":{"width":1920,"height":2560,"sizes":{"medium":{"file":"sejour_participatif_a_banfora_-_jerome_-img_07692_village-225x300.jpg","width":225,"height":300,"mime-type":"image\/jpeg","source_url":"https:\/\/www.humantrip.fr\/wp-content\/uploads\/2020\/09\/sejour_participatif_a_banfora_-_jerome_-img_07692_village-225x300.jpg"},"large":{"file":"sejour_participatif_a_banfora_-_jerome_-img_07692_village-768x1024.jpg","width":768,"height":1024,"mime-type":"image\/jpeg","source_url":"https:\/\/www.humantrip.fr\/wp-content\/uploads\/2020\/09\/sejour_participatif_a_banfora_-_jerome_-img_07692_village-768x1024.jpg"},"thumbnail":{"file":"sejour_participatif_a_banfora_-_jerome_-img_07692_village-150x150.jpg","width":150,"height":150,"mime-type":"image\/jpeg","source_url":"https:\/\/www.humantrip.fr\/wp-content\/uploads\/2020\/09\/sejour_participatif_a_banfora_-_jerome_-img_07692_village-150x150.jpg"},"medium_large":{"file":"sejour_participatif_a_banfora_-_jerome_-img_07692_village-768x1024.jpg","width":768,"height":1024,"mime-type":"image\/jpeg","source_url":"https:\/\/www.humantrip.fr\/wp-content\/uploads\/2020\/09\/sejour_participatif_a_banfora_-_jerome_-img_07692_village-768x1024.jpg"},"1536x1536":{"file":"sejour_participatif_a_banfora_-_jerome_-img_07692_village-1152x1536.jpg","width":1152,"height":1536,"mime-type":"image\/jpeg","source_url":"https:\/\/www.humantrip.fr\/wp-content\/uploads\/2020\/09\/sejour_participatif_a_banfora_-_jerome_-img_07692_village-1152x1536.jpg"},"2048x2048":{"file":"sejour_participatif_a_banfora_-_jerome_-img_07692_village-1536x2048.jpg","width":1536,"height":2048,"mime-type":"image\/jpeg","source_url":"https:\/\/www.humantrip.fr\/wp-content\/uploads\/2020\/09\/sejour_participatif_a_banfora_-_jerome_-img_07692_village-1536x2048.jpg"},"gallery-home":{"file":"sejour_participatif_a_banfora_-_jerome_-img_07692_village-200x200.jpg","width":200,"height":200,"mime-type":"image\/jpeg","source_url":"https:\/\/www.humantrip.fr\/wp-content\/uploads\/2020\/09\/sejour_participatif_a_banfora_-_jerome_-img_07692_village-200x200.jpg"},"vignette-thumb":{"file":"sejour_participatif_a_banfora_-_jerome_-img_07692_village-225x300.jpg","width":225,"height":300,"mime-type":"image\/jpeg","source_url":"https:\/\/www.humantrip.fr\/wp-content\/uploads\/2020\/09\/sejour_participatif_a_banfora_-_jerome_-img_07692_village-225x300.jpg"},"homepage-thumb":{"file":"sejour_participatif_a_banfora_-_jerome_-img_07692_village-375x500.jpg","width":375,"height":500,"mime-type":"image\/jpeg","source_url":"https:\/\/www.humantrip.fr\/wp-content\/uploads\/2020\/09\/sejour_participatif_a_banfora_-_jerome_-img_07692_village-375x500.jpg"}}},"alt_text":"","url":"","target":""},{"id":5470,"title":"3684 - S\u00e9jour participatif \u00e0 Banfora - 1","caption":"Image Upload\u00e9e automatiquement N\u00b0-1 du s\u00e9jour d'id N\u00b0-3684(nomm\u00e9 S\u00e9jour participatif \u00e0 Banfora)","full_image_url":"https:\/\/www.humantrip.fr\/wp-content\/uploads\/2020\/09\/sejour_participatif_a_banfora_-_jerome_-img_6744_crocodile-scaled.jpg","thumbnail_image_url":"https:\/\/www.humantrip.fr\/wp-content\/uploads\/2020\/09\/sejour_participatif_a_banfora_-_jerome_-img_6744_crocodile-150x150.jpg","large_srcset":"https:\/\/www.humantrip.fr\/wp-content\/uploads\/2020\/09\/sejour_participatif_a_banfora_-_jerome_-img_6744_crocodile-768x1024.jpg 768w, https:\/\/www.humantrip.fr\/wp-content\/uploads\/2020\/09\/sejour_participatif_a_banfora_-_jerome_-img_6744_crocodile-225x300.jpg 225w, https:\/\/www.humantrip.fr\/wp-content\/uploads\/2020\/09\/sejour_participatif_a_banfora_-_jerome_-img_6744_crocodile-1152x1536.jpg 1152w, https:\/\/www.humantrip.fr\/wp-content\/uploads\/2020\/09\/sejour_participatif_a_banfora_-_jerome_-img_6744_crocodile-1536x2048.jpg 1536w, https:\/\/www.humantrip.fr\/wp-content\/uploads\/2020\/09\/sejour_participatif_a_banfora_-_jerome_-img_6744_crocodile-375x500.jpg 375w, https:\/\/www.humantrip.fr\/wp-content\/uploads\/2020\/09\/sejour_participatif_a_banfora_-_jerome_-img_6744_crocodile-scaled.jpg 1920w","medium_srcset":"https:\/\/www.humantrip.fr\/wp-content\/uploads\/2020\/09\/sejour_participatif_a_banfora_-_jerome_-img_6744_crocodile-225x300.jpg 225w, https:\/\/www.humantrip.fr\/wp-content\/uploads\/2020\/09\/sejour_participatif_a_banfora_-_jerome_-img_6744_crocodile-768x1024.jpg 768w, https:\/\/www.humantrip.fr\/wp-content\/uploads\/2020\/09\/sejour_participatif_a_banfora_-_jerome_-img_6744_crocodile-1152x1536.jpg 1152w, https:\/\/www.humantrip.fr\/wp-content\/uploads\/2020\/09\/sejour_participatif_a_banfora_-_jerome_-img_6744_crocodile-1536x2048.jpg 1536w, https:\/\/www.humantrip.fr\/wp-content\/uploads\/2020\/09\/sejour_participatif_a_banfora_-_jerome_-img_6744_crocodile-375x500.jpg 375w, https:\/\/www.humantrip.fr\/wp-content\/uploads\/2020\/09\/sejour_participatif_a_banfora_-_jerome_-img_6744_crocodile-scaled.jpg 1920w","media_details":{"width":1920,"height":2560,"sizes":{"medium":{"file":"sejour_participatif_a_banfora_-_jerome_-img_6744_crocodile-225x300.jpg","width":225,"height":300,"mime-type":"image\/jpeg","source_url":"https:\/\/www.humantrip.fr\/wp-content\/uploads\/2020\/09\/sejour_participatif_a_banfora_-_jerome_-img_6744_crocodile-225x300.jpg"},"large":{"file":"sejour_participatif_a_banfora_-_jerome_-img_6744_crocodile-768x1024.jpg","width":768,"height":1024,"mime-type":"image\/jpeg","source_url":"https:\/\/www.humantrip.fr\/wp-content\/uploads\/2020\/09\/sejour_participatif_a_banfora_-_jerome_-img_6744_crocodile-768x1024.jpg"},"thumbnail":{"file":"sejour_participatif_a_banfora_-_jerome_-img_6744_crocodile-150x150.jpg","width":150,"height":150,"mime-type":"image\/jpeg","source_url":"https:\/\/www.humantrip.fr\/wp-content\/uploads\/2020\/09\/sejour_participatif_a_banfora_-_jerome_-img_6744_crocodile-150x150.jpg"},"medium_large":{"file":"sejour_participatif_a_banfora_-_jerome_-img_6744_crocodile-768x1024.jpg","width":768,"height":1024,"mime-type":"image\/jpeg","source_url":"https:\/\/www.humantrip.fr\/wp-content\/uploads\/2020\/09\/sejour_participatif_a_banfora_-_jerome_-img_6744_crocodile-768x1024.jpg"},"1536x1536":{"file":"sejour_participatif_a_banfora_-_jerome_-img_6744_crocodile-1152x1536.jpg","width":1152,"height":1536,"mime-type":"image\/jpeg","source_url":"https:\/\/www.humantrip.fr\/wp-content\/uploads\/2020\/09\/sejour_participatif_a_banfora_-_jerome_-img_6744_crocodile-1152x1536.jpg"},"2048x2048":{"file":"sejour_participatif_a_banfora_-_jerome_-img_6744_crocodile-1536x2048.jpg","width":1536,"height":2048,"mime-type":"image\/jpeg","source_url":"https:\/\/www.humantrip.fr\/wp-content\/uploads\/2020\/09\/sejour_participatif_a_banfora_-_jerome_-img_6744_crocodile-1536x2048.jpg"},"gallery-home":{"file":"sejour_participatif_a_banfora_-_jerome_-img_6744_crocodile-200x200.jpg","width":200,"height":200,"mime-type":"image\/jpeg","source_url":"https:\/\/www.humantrip.fr\/wp-content\/uploads\/2020\/09\/sejour_participatif_a_banfora_-_jerome_-img_6744_crocodile-200x200.jpg"},"vignette-thumb":{"file":"sejour_participatif_a_banfora_-_jerome_-img_6744_crocodile-225x300.jpg","width":225,"height":300,"mime-type":"image\/jpeg","source_url":"https:\/\/www.humantrip.fr\/wp-content\/uploads\/2020\/09\/sejour_participatif_a_banfora_-_jerome_-img_6744_crocodile-225x300.jpg"},"homepage-thumb":{"file":"sejour_participatif_a_banfora_-_jerome_-img_6744_crocodile-375x500.jpg","width":375,"height":500,"mime-type":"image\/jpeg","source_url":"https:\/\/www.humantrip.fr\/wp-content\/uploads\/2020\/09\/sejour_participatif_a_banfora_-_jerome_-img_6744_crocodile-375x500.jpg"}}},"alt_text":"","url":"","target":""},{"id":5471,"title":"3684 - S\u00e9jour participatif \u00e0 Banfora - 1","caption":"Image Upload\u00e9e automatiquement N\u00b0-1 du s\u00e9jour d'id N\u00b0-3684(nomm\u00e9 S\u00e9jour participatif \u00e0 Banfora)","full_image_url":"https:\/\/www.humantrip.fr\/wp-content\/uploads\/2020\/09\/sejour_participatif_a_banfora_-julie_-img_04531-scaled.jpg","thumbnail_image_url":"https:\/\/www.humantrip.fr\/wp-content\/uploads\/2020\/09\/sejour_participatif_a_banfora_-julie_-img_04531-150x150.jpg","large_srcset":"https:\/\/www.humantrip.fr\/wp-content\/uploads\/2020\/09\/sejour_participatif_a_banfora_-julie_-img_04531-1024x768.jpg 1024w, https:\/\/www.humantrip.fr\/wp-content\/uploads\/2020\/09\/sejour_participatif_a_banfora_-julie_-img_04531-300x225.jpg 300w, https:\/\/www.humantrip.fr\/wp-content\/uploads\/2020\/09\/sejour_participatif_a_banfora_-julie_-img_04531-768x576.jpg 768w, https:\/\/www.humantrip.fr\/wp-content\/uploads\/2020\/09\/sejour_participatif_a_banfora_-julie_-img_04531-1536x1152.jpg 1536w, https:\/\/www.humantrip.fr\/wp-content\/uploads\/2020\/09\/sejour_participatif_a_banfora_-julie_-img_04531-scaled.jpg 2048w, https:\/\/www.humantrip.fr\/wp-content\/uploads\/2020\/09\/sejour_participatif_a_banfora_-julie_-img_04531-400x300.jpg 400w, https:\/\/www.humantrip.fr\/wp-content\/uploads\/2020\/09\/sejour_participatif_a_banfora_-julie_-img_04531-667x500.jpg 667w","medium_srcset":"https:\/\/www.humantrip.fr\/wp-content\/uploads\/2020\/09\/sejour_participatif_a_banfora_-julie_-img_04531-300x225.jpg 300w, https:\/\/www.humantrip.fr\/wp-content\/uploads\/2020\/09\/sejour_participatif_a_banfora_-julie_-img_04531-1024x768.jpg 1024w, https:\/\/www.humantrip.fr\/wp-content\/uploads\/2020\/09\/sejour_participatif_a_banfora_-julie_-img_04531-768x576.jpg 768w, https:\/\/www.humantrip.fr\/wp-content\/uploads\/2020\/09\/sejour_participatif_a_banfora_-julie_-img_04531-1536x1152.jpg 1536w, https:\/\/www.humantrip.fr\/wp-content\/uploads\/2020\/09\/sejour_participatif_a_banfora_-julie_-img_04531-scaled.jpg 2048w, https:\/\/www.humantrip.fr\/wp-content\/uploads\/2020\/09\/sejour_participatif_a_banfora_-julie_-img_04531-400x300.jpg 400w, https:\/\/www.humantrip.fr\/wp-content\/uploads\/2020\/09\/sejour_participatif_a_banfora_-julie_-img_04531-667x500.jpg 667w","media_details":{"width":2048,"height":1536,"sizes":{"medium":{"file":"sejour_participatif_a_banfora_-julie_-img_04531-300x225.jpg","width":300,"height":225,"mime-type":"image\/jpeg","source_url":"https:\/\/www.humantrip.fr\/wp-content\/uploads\/2020\/09\/sejour_participatif_a_banfora_-julie_-img_04531-300x225.jpg"},"large":{"file":"sejour_participatif_a_banfora_-julie_-img_04531-1024x768.jpg","width":1024,"height":768,"mime-type":"image\/jpeg","source_url":"https:\/\/www.humantrip.fr\/wp-content\/uploads\/2020\/09\/sejour_participatif_a_banfora_-julie_-img_04531-1024x768.jpg"},"thumbnail":{"file":"sejour_participatif_a_banfora_-julie_-img_04531-150x150.jpg","width":150,"height":150,"mime-type":"image\/jpeg","source_url":"https:\/\/www.humantrip.fr\/wp-content\/uploads\/2020\/09\/sejour_participatif_a_banfora_-julie_-img_04531-150x150.jpg"},"medium_large":{"file":"sejour_participatif_a_banfora_-julie_-img_04531-768x576.jpg","width":768,"height":576,"mime-type":"image\/jpeg","source_url":"https:\/\/www.humantrip.fr\/wp-content\/uploads\/2020\/09\/sejour_participatif_a_banfora_-julie_-img_04531-768x576.jpg"},"1536x1536":{"file":"sejour_participatif_a_banfora_-julie_-img_04531-1536x1152.jpg","width":1536,"height":1152,"mime-type":"image\/jpeg","source_url":"https:\/\/www.humantrip.fr\/wp-content\/uploads\/2020\/09\/sejour_participatif_a_banfora_-julie_-img_04531-1536x1152.jpg"},"2048x2048":{"file":"sejour_participatif_a_banfora_-julie_-img_04531-2048x1536.jpg","width":2048,"height":1536,"mime-type":"image\/jpeg","source_url":"https:\/\/www.humantrip.fr\/wp-content\/uploads\/2020\/09\/sejour_participatif_a_banfora_-julie_-img_04531-2048x1536.jpg"},"gallery-home":{"file":"sejour_participatif_a_banfora_-julie_-img_04531-200x200.jpg","width":200,"height":200,"mime-type":"image\/jpeg","source_url":"https:\/\/www.humantrip.fr\/wp-content\/uploads\/2020\/09\/sejour_participatif_a_banfora_-julie_-img_04531-200x200.jpg"},"vignette-thumb":{"file":"sejour_participatif_a_banfora_-julie_-img_04531-400x300.jpg","width":400,"height":300,"mime-type":"image\/jpeg","source_url":"https:\/\/www.humantrip.fr\/wp-content\/uploads\/2020\/09\/sejour_participatif_a_banfora_-julie_-img_04531-400x300.jpg"},"homepage-thumb":{"file":"sejour_participatif_a_banfora_-julie_-img_04531-667x500.jpg","width":667,"height":500,"mime-type":"image\/jpeg","source_url":"https:\/\/www.humantrip.fr\/wp-content\/uploads\/2020\/09\/sejour_participatif_a_banfora_-julie_-img_04531-667x500.jpg"}}},"alt_text":"","url":"","target":""},{"id":5472,"title":"3684 - S\u00e9jour participatif \u00e0 Banfora - 1","caption":"Image Upload\u00e9e automatiquement N\u00b0-1 du s\u00e9jour d'id N\u00b0-3684(nomm\u00e9 S\u00e9jour participatif \u00e0 Banfora)","full_image_url":"https:\/\/www.humantrip.fr\/wp-content\/uploads\/2020\/09\/sejour_participatif_a_banfora_-julie_-img_05506_baobab_sacre-scaled.jpg","thumbnail_image_url":"https:\/\/www.humantrip.fr\/wp-content\/uploads\/2020\/09\/sejour_participatif_a_banfora_-julie_-img_05506_baobab_sacre-150x150.jpg","large_srcset":"https:\/\/www.humantrip.fr\/wp-content\/uploads\/2020\/09\/sejour_participatif_a_banfora_-julie_-img_05506_baobab_sacre-768x1024.jpg 768w, https:\/\/www.humantrip.fr\/wp-content\/uploads\/2020\/09\/sejour_participatif_a_banfora_-julie_-img_05506_baobab_sacre-225x300.jpg 225w, https:\/\/www.humantrip.fr\/wp-content\/uploads\/2020\/09\/sejour_participatif_a_banfora_-julie_-img_05506_baobab_sacre-1152x1536.jpg 1152w, https:\/\/www.humantrip.fr\/wp-content\/uploads\/2020\/09\/sejour_participatif_a_banfora_-julie_-img_05506_baobab_sacre-1536x2048.jpg 1536w, https:\/\/www.humantrip.fr\/wp-content\/uploads\/2020\/09\/sejour_participatif_a_banfora_-julie_-img_05506_baobab_sacre-375x500.jpg 375w, https:\/\/www.humantrip.fr\/wp-content\/uploads\/2020\/09\/sejour_participatif_a_banfora_-julie_-img_05506_baobab_sacre-scaled.jpg 1920w","medium_srcset":"https:\/\/www.humantrip.fr\/wp-content\/uploads\/2020\/09\/sejour_participatif_a_banfora_-julie_-img_05506_baobab_sacre-225x300.jpg 225w, https:\/\/www.humantrip.fr\/wp-content\/uploads\/2020\/09\/sejour_participatif_a_banfora_-julie_-img_05506_baobab_sacre-768x1024.jpg 768w, https:\/\/www.humantrip.fr\/wp-content\/uploads\/2020\/09\/sejour_participatif_a_banfora_-julie_-img_05506_baobab_sacre-1152x1536.jpg 1152w, https:\/\/www.humantrip.fr\/wp-content\/uploads\/2020\/09\/sejour_participatif_a_banfora_-julie_-img_05506_baobab_sacre-1536x2048.jpg 1536w, https:\/\/www.humantrip.fr\/wp-content\/uploads\/2020\/09\/sejour_participatif_a_banfora_-julie_-img_05506_baobab_sacre-375x500.jpg 375w, https:\/\/www.humantrip.fr\/wp-content\/uploads\/2020\/09\/sejour_participatif_a_banfora_-julie_-img_05506_baobab_sacre-scaled.jpg 1920w","media_details":{"width":1920,"height":2560,"sizes":{"medium":{"file":"sejour_participatif_a_banfora_-julie_-img_05506_baobab_sacre-225x300.jpg","width":225,"height":300,"mime-type":"image\/jpeg","source_url":"https:\/\/www.humantrip.fr\/wp-content\/uploads\/2020\/09\/sejour_participatif_a_banfora_-julie_-img_05506_baobab_sacre-225x300.jpg"},"large":{"file":"sejour_participatif_a_banfora_-julie_-img_05506_baobab_sacre-768x1024.jpg","width":768,"height":1024,"mime-type":"image\/jpeg","source_url":"https:\/\/www.humantrip.fr\/wp-content\/uploads\/2020\/09\/sejour_participatif_a_banfora_-julie_-img_05506_baobab_sacre-768x1024.jpg"},"thumbnail":{"file":"sejour_participatif_a_banfora_-julie_-img_05506_baobab_sacre-150x150.jpg","width":150,"height":150,"mime-type":"image\/jpeg","source_url":"https:\/\/www.humantrip.fr\/wp-content\/uploads\/2020\/09\/sejour_participatif_a_banfora_-julie_-img_05506_baobab_sacre-150x150.jpg"},"medium_large":{"file":"sejour_participatif_a_banfora_-julie_-img_05506_baobab_sacre-768x1024.jpg","width":768,"height":1024,"mime-type":"image\/jpeg","source_url":"https:\/\/www.humantrip.fr\/wp-content\/uploads\/2020\/09\/sejour_participatif_a_banfora_-julie_-img_05506_baobab_sacre-768x1024.jpg"},"1536x1536":{"file":"sejour_participatif_a_banfora_-julie_-img_05506_baobab_sacre-1152x1536.jpg","width":1152,"height":1536,"mime-type":"image\/jpeg","source_url":"https:\/\/www.humantrip.fr\/wp-content\/uploads\/2020\/09\/sejour_participatif_a_banfora_-julie_-img_05506_baobab_sacre-1152x1536.jpg"},"2048x2048":{"file":"sejour_participatif_a_banfora_-julie_-img_05506_baobab_sacre-1536x2048.jpg","width":1536,"height":2048,"mime-type":"image\/jpeg","source_url":"https:\/\/www.humantrip.fr\/wp-content\/uploads\/2020\/09\/sejour_participatif_a_banfora_-julie_-img_05506_baobab_sacre-1536x2048.jpg"},"gallery-home":{"file":"sejour_participatif_a_banfora_-julie_-img_05506_baobab_sacre-200x200.jpg","width":200,"height":200,"mime-type":"image\/jpeg","source_url":"https:\/\/www.humantrip.fr\/wp-content\/uploads\/2020\/09\/sejour_participatif_a_banfora_-julie_-img_05506_baobab_sacre-200x200.jpg"},"vignette-thumb":{"file":"sejour_participatif_a_banfora_-julie_-img_05506_baobab_sacre-225x300.jpg","width":225,"height":300,"mime-type":"image\/jpeg","source_url":"https:\/\/www.humantrip.fr\/wp-content\/uploads\/2020\/09\/sejour_participatif_a_banfora_-julie_-img_05506_baobab_sacre-225x300.jpg"},"homepage-thumb":{"file":"sejour_participatif_a_banfora_-julie_-img_05506_baobab_sacre-375x500.jpg","width":375,"height":500,"mime-type":"image\/jpeg","source_url":"https:\/\/www.humantrip.fr\/wp-content\/uploads\/2020\/09\/sejour_participatif_a_banfora_-julie_-img_05506_baobab_sacre-375x500.jpg"}}},"alt_text":"","url":"","target":""}]]}},"_links":{"self":[{"href":"https:\/\/www.humantrip.fr\/es\/wp-json\/wp\/v2\/sejour\/3684","targetHints":{"allow":["GET"]}}],"collection":[{"href":"https:\/\/www.humantrip.fr\/es\/wp-json\/wp\/v2\/sejour"}],"about":[{"href":"https:\/\/www.humantrip.fr\/es\/wp-json\/wp\/v2\/types\/sejour"}],"wp:attachment":[{"href":"https:\/\/www.humantrip.fr\/es\/wp-json\/wp\/v2\/media?parent=3684"}],"wp:term":[{"taxonomy":"theme","embeddable":true,"href":"https:\/\/www.humantrip.fr\/es\/wp-json\/wp\/v2\/theme?post=3684"},{"taxonomy":"pays","embeddable":true,"href":"https:\/\/www.humantrip.fr\/es\/wp-json\/wp\/v2\/pays?post=3684"}],"curies":[{"name":"wp","href":"https:\/\/api.w.org\/{rel}","templated":true}]}}